{"id":10931,"date":"2022-04-07T12:47:53","date_gmt":"2022-04-07T12:47:53","guid":{"rendered":"https:\/\/entorno.sjdigitaldemo.ovh\/intervencio\/"},"modified":"2022-05-05T16:50:34","modified_gmt":"2022-05-05T16:50:34","slug":"intervencio","status":"publish","type":"page","link":"https:\/\/entornoseguro.org\/ca\/intervencio\/","title":{"rendered":"Intervenci\u00f3"},"content":{"rendered":"<p>[et_pb_section fb_built=&#8221;1&#8243; admin_label=&#8221;Hero&#8221; _builder_version=&#8221;4.17.1&#8243; background_color=&#8221;#009DC2&#8243; custom_padding=&#8221;|0px|120px|0px|false|false&#8221; bottom_divider_style=&#8221;asymmetric3&#8243; bottom_divider_color=&#8221;#ffffff&#8221; global_colors_info=&#8221;{}&#8221;][et_pb_row column_structure=&#8221;1_2,1_2&#8243; _builder_version=&#8221;4.16&#8243; global_colors_info=&#8221;{}&#8221;][et_pb_column type=&#8221;1_2&#8243; _builder_version=&#8221;4.16&#8243; custom_padding=&#8221;|||&#8221; global_colors_info=&#8221;{}&#8221; custom_padding__hover=&#8221;|||&#8221;][et_pb_text _builder_version=&#8221;4.17.3&#8243; text_font=&#8221;Montserrat|300|||||||&#8221; text_font_size=&#8221;16px&#8221; text_line_height=&#8221;2em&#8221; header_font=&#8221;||||||||&#8221; header_font_size=&#8221;40px&#8221; header_line_height=&#8221;1.4em&#8221; background_layout=&#8221;dark&#8221; max_width=&#8221;600px&#8221; custom_margin=&#8221;||30px|&#8221; custom_margin_last_edited=&#8221;off|desktop&#8221; hover_enabled=&#8221;0&#8243; header_font_size_tablet=&#8221;30px&#8221; header_font_size_phone=&#8221;24px&#8221; header_font_size_last_edited=&#8221;on|desktop&#8221; global_colors_info=&#8221;{}&#8221; sticky_enabled=&#8221;0&#8243;]<\/p>\n<h1>Intervenci\u00f3<\/h1>\n<p><span style=\"font-weight: 400;\"><span>Donem resposta a qualsevol situaci\u00f3 d&#8217;ab\u00fas de qu\u00e8 ens arribi not\u00edcia o tinguem coneixement.<\/span> Necessitem que les v\u00edctimes ens facin arribar la informaci\u00f3 directament, a trav\u00e9s dels agents d&#8217;entorn segur als centres, des de la b\u00fastia <\/span><a href=\"mailto:proteccion@jesuitas.es\"><span style=\"font-weight: 400;\">proteccion@jesuitas.es<\/span><\/a> <span style=\"font-weight: 400;\">o b\u00e9 per altres mitjans.<\/span><\/p>\n<p>[\/et_pb_text][et_pb_button button_text=&#8221;T&#8217;escoltem&#8221; _builder_version=&#8221;4.17.1&#8243; button_text_size=&#8221;14px&#8221; button_text_color=&#8221;#ffffff&#8221; button_bg_color_gradient_stops=&#8221;#009dc2 0%|#005061 60%|#337281 100%&#8221; button_border_width=&#8221;0px&#8221; button_border_radius=&#8221;4px&#8221; button_letter_spacing=&#8221;1px&#8221; button_icon=&#8221;&#xf1d8;||fa||400&#8243; background_layout=&#8221;dark&#8221; custom_margin=&#8221;|||&#8221; custom_padding=&#8221;16px|40px|16px|40px|true|true&#8221; button_border_radius_hover=&#8221;4px&#8221; button_letter_spacing_hover=&#8221;1px&#8221; button_bg_color_hover=&#8221;#0053ef&#8221; global_colors_info=&#8221;{}&#8221; button_text_size__hover_enabled=&#8221;off&#8221; button_one_text_size__hover_enabled=&#8221;off&#8221; button_two_text_size__hover_enabled=&#8221;off&#8221; button_text_color__hover_enabled=&#8221;off&#8221; button_one_text_color__hover_enabled=&#8221;off&#8221; button_two_text_color__hover_enabled=&#8221;off&#8221; button_border_width__hover_enabled=&#8221;off&#8221; button_one_border_width__hover_enabled=&#8221;off&#8221; button_two_border_width__hover_enabled=&#8221;off&#8221; button_border_color__hover_enabled=&#8221;off&#8221; button_one_border_color__hover_enabled=&#8221;off&#8221; button_two_border_color__hover_enabled=&#8221;off&#8221; button_border_radius__hover_enabled=&#8221;on&#8221; button_border_radius__hover=&#8221;4px&#8221; button_one_border_radius__hover_enabled=&#8221;off&#8221; button_two_border_radius__hover_enabled=&#8221;off&#8221; button_letter_spacing__hover_enabled=&#8221;on&#8221; button_letter_spacing__hover=&#8221;1px&#8221; button_one_letter_spacing__hover_enabled=&#8221;off&#8221; button_two_letter_spacing__hover_enabled=&#8221;off&#8221; button_one_bg_color__hover_enabled=&#8221;off&#8221; button_two_bg_color__hover_enabled=&#8221;off&#8221;][\/et_pb_button][\/et_pb_column][et_pb_column type=&#8221;1_2&#8243; _builder_version=&#8221;4.16&#8243; custom_padding=&#8221;|||&#8221; global_colors_info=&#8221;{}&#8221; custom_padding__hover=&#8221;|||&#8221;][et_pb_image src=&#8221;https:\/\/entornoseguro.org\/wp-content\/uploads\/2019\/10\/fotos-cartel.png&#8221; title_text=&#8221;fotos cartell&#8221; align_tablet=&#8221;center&#8221; align_phone=&#8221;center&#8221; align_last_edited=&#8221;on|desktop&#8221; _builder_version=&#8221;4.16.1&#8243; custom_margin=&#8221;|||&#8221; animation_style=&#8221;zoom&#8221; animation_direction=&#8221;bottom&#8221; animation_intensity_zoom=&#8221;4%&#8221; global_colors_info=&#8221;{}&#8221;][\/et_pb_image][\/et_pb_column][\/et_pb_row][\/et_pb_section][et_pb_section fb_built=&#8221;1&#8243; admin_label=&#8221;Policies&#8221; _builder_version=&#8221;4.16&#8243; background_color=&#8221;rgba(255,255,255,0)&#8221; custom_padding=&#8221;0|0px|58px|0px|false|false&#8221; global_colors_info=&#8221;{}&#8221;][et_pb_row column_structure=&#8221;1_2,1_2&#8243; _builder_version=&#8221;4.17.3&#8243; max_width=&#8221;800px&#8221; custom_margin=&#8221;-80px|||&#8221; custom_margin_tablet=&#8221;&#8221; custom_margin_phone=&#8221;&#8221; custom_margin_last_edited=&#8221;on|tablet&#8221; custom_padding=&#8221;0|0px|27px|0px|false|false&#8221; global_colors_info=&#8221;{}&#8221;][et_pb_column type=&#8221;1_2&#8243; _builder_version=&#8221;4.16&#8243; custom_padding=&#8221;|||&#8221; global_colors_info=&#8221;{}&#8221; custom_padding__hover=&#8221;|||&#8221;][et_pb_blurb title=&#8221;Espais d&#8217;escolta per acompanyar les v\u00edctimes i els seus entorns&#8221; image=&#8221;https:\/\/entornoseguro.org\/wp-content\/uploads\/2022\/04\/insurance-28.png&#8221; icon_placement=&#8221;left&#8221; content_max_width=&#8221;1100px&#8221; _builder_version=&#8221;4.16.1&#8243; header_font=&#8221;||||||||&#8221; header_line_height=&#8221;1.6em&#8221; body_font=&#8221;Montserrat|300|||||||&#8221; body_line_height=&#8221;2em&#8221; background_color=&#8221;#ffffff&#8221; text_orientation=&#8221;center&#8221; custom_padding=&#8221;30px|30px|30px|30px|true|true&#8221; animation_style=&#8221;zoom&#8221; animation_intensity_zoom=&#8221;10%&#8221; animation=&#8221;off&#8221; border_radii=&#8221;on|10px|10px|10px|10px&#8221; box_shadow_style=&#8221;preset3&#8243; box_shadow_vertical=&#8221;10px&#8221; box_shadow_blur=&#8221;80px&#8221; box_shadow_spread=&#8221;-10px&#8221; box_shadow_color=&#8221;rgba(44,54,92,0.2)&#8221; global_colors_info=&#8221;{}&#8221;]<\/p>\n<p><span style=\"font-weight: 400;\">Hem creat un equip d&#8217;acompanyants per tot Espanya. Formen equips d&#8217;escolta la missi\u00f3 principal dels quals \u00e9s poder acollir les v\u00edctimes que demanen ser escoltades, i acompanyar-les en aquests processos. Aquestes persones han passat per un per\u00edode de formaci\u00f3 espec\u00edfic per a aquest tipus de situacions<\/span><\/p>\n<p>[\/et_pb_blurb][\/et_pb_column][et_pb_column type=&#8221;1_2&#8243; _builder_version=&#8221;4.16&#8243; custom_padding=&#8221;|||&#8221; global_colors_info=&#8221;{}&#8221; custom_padding__hover=&#8221;|||&#8221;][et_pb_blurb title=&#8221;Facilitar el contacte amb altres institucions&#8221; image=&#8221;https:\/\/entornoseguro.org\/wp-content\/uploads\/2022\/04\/insurance-18.png&#8221; icon_placement=&#8221;left&#8221; content_max_width=&#8221;1100px&#8221; _builder_version=&#8221;4.16.1&#8243; header_font=&#8221;||||||||&#8221; header_line_height=&#8221;1.6em&#8221; body_font=&#8221;Montserrat|300|||||||&#8221; body_line_height=&#8221;2em&#8221; background_color=&#8221;#ffffff&#8221; text_orientation=&#8221;center&#8221; custom_padding=&#8221;30px|30px|30px|30px|true|true&#8221; animation_style=&#8221;zoom&#8221; animation_intensity_zoom=&#8221;10%&#8221; animation=&#8221;off&#8221; border_radii=&#8221;on|10px|10px|10px|10px&#8221; box_shadow_style=&#8221;preset3&#8243; box_shadow_vertical=&#8221;10px&#8221; box_shadow_blur=&#8221;80px&#8221; box_shadow_spread=&#8221;-10px&#8221; box_shadow_color=&#8221;rgba(44,54,92,0.2)&#8221; locked=&#8221;off&#8221; global_colors_info=&#8221;{}&#8221;]<\/p>\n<p><span style=\"font-weight: 400;\">Hi ha v\u00edctimes que prefereixen tenir contacte amb persones o institucions que siguin alienes a la Companyia, per a assessoria legal, per a atenci\u00f3 psicol\u00f2gica o per explicar la seva hist\u00f2ria. Entre les institucions amb qu\u00e8 ja estem treballant hi ha l&#8217;Associaci\u00f3 Bet\u00e0nia, la Fundaci\u00f3 Vicki Bernadet (Catalunya) o el centre d&#8217;orientaci\u00f3 familiar Lagungo (Bilbao)<\/span><\/p>\n<p>[\/et_pb_blurb][\/et_pb_column][\/et_pb_row][et_pb_row column_structure=&#8221;1_2,1_2&#8243; _builder_version=&#8221;4.17.1&#8243; max_width=&#8221;800px&#8221; global_colors_info=&#8221;{}&#8221;][et_pb_column type=&#8221;1_2&#8243; _builder_version=&#8221;4.16&#8243; custom_padding=&#8221;|||&#8221; global_colors_info=&#8221;{}&#8221; custom_padding__hover=&#8221;|||&#8221;][et_pb_blurb title=&#8221;Procediments legals&#8221; image=&#8221;https:\/\/entornoseguro.org\/wp-content\/uploads\/2022\/04\/insurance-17.png&#8221; icon_placement=&#8221;left&#8221; content_max_width=&#8221;1100px&#8221; _builder_version=&#8221;4.16.1&#8243; header_font=&#8221;||||||||&#8221; header_line_height=&#8221;1.6em&#8221; body_font=&#8221;Montserrat|300|||||||&#8221; body_line_height=&#8221;2em&#8221; background_color=&#8221;#ffffff&#8221; text_orientation=&#8221;center&#8221; custom_padding=&#8221;30px|30px|30px|30px|true|true&#8221; animation_style=&#8221;zoom&#8221; animation_intensity_zoom=&#8221;10%&#8221; animation=&#8221;off&#8221; border_radii=&#8221;on|10px|10px|10px|10px&#8221; box_shadow_style=&#8221;preset3&#8243; box_shadow_vertical=&#8221;10px&#8221; box_shadow_blur=&#8221;80px&#8221; box_shadow_spread=&#8221;-10px&#8221; box_shadow_color=&#8221;rgba(44,54,92,0.2)&#8221; global_colors_info=&#8221;{}&#8221;]<\/p>\n<p><span style=\"font-weight: 400;\">Davant de casos denunciats s&#8217;apliquen els protocols pertinents (en funci\u00f3 dels casos, edats, legislaci\u00f3 de cada comunitat aut\u00f2noma, etc) sempre buscant la veritat i la just\u00edcia Tamb\u00e9 s&#8217;obren processos can\u00f2nics en el cas d&#8217;abusos comesos per religiosos.<\/span><\/p>\n<p>[\/et_pb_blurb][\/et_pb_column][et_pb_column type=&#8221;1_2&#8243; _builder_version=&#8221;4.16&#8243; custom_padding=&#8221;|||&#8221; global_colors_info=&#8221;{}&#8221; custom_padding__hover=&#8221;|||&#8221;][et_pb_blurb title=&#8221;Processos de just\u00edcia restaurativa&#8221; image=&#8221;https:\/\/entornoseguro.org\/wp-content\/uploads\/2022\/04\/insurance-22.png&#8221; icon_placement=&#8221;left&#8221; content_max_width=&#8221;1100px&#8221; _builder_version=&#8221;4.17.1&#8243; header_font=&#8221;||||||||&#8221; header_line_height=&#8221;1.6em&#8221; body_font=&#8221;Montserrat|300|||||||&#8221; body_line_height=&#8221;2em&#8221; background_color=&#8221;#ffffff&#8221; text_orientation=&#8221;center&#8221; custom_padding=&#8221;30px|30px|30px|30px|true|true&#8221; animation_style=&#8221;zoom&#8221; animation_intensity_zoom=&#8221;10%&#8221; animation=&#8221;off&#8221; border_radii=&#8221;on|10px|10px|10px|10px&#8221; box_shadow_style=&#8221;preset3&#8243; box_shadow_vertical=&#8221;10px&#8221; box_shadow_blur=&#8221;80px&#8221; box_shadow_spread=&#8221;-10px&#8221; box_shadow_color=&#8221;rgba(44,54,92,0.2)&#8221; global_colors_info=&#8221;{}&#8221;]<\/p>\n<p>Una de les l\u00ednies d&#8217;intervenci\u00f3 que s&#8217;intenta proposar all\u00e0 on es pot \u00e9s la Just\u00edcia Restaurativa, descrita a la Uni\u00f3 Europea com un m\u00e8tode mitjan\u00e7ant el qual es poden identificar i satisfer les necessitats i els interessos de les persones implicades en una agressi\u00f3 de manera equilibrada, justa i en un clima de col\u00b7laboraci\u00f3.<\/p>\n<p><a href=\"#justicia\">Coneix m\u00e9s<\/a><\/p>\n<p>[\/et_pb_blurb][\/et_pb_column][\/et_pb_row][\/et_pb_section][et_pb_section fb_built=&#8221;1&#8243; admin_label=&#8221;Bundles&#8221; module_id=&#8221;protocol&#8221; _builder_version=&#8221;4.17.1&#8243; background_color=&#8221;#005061&#8243; custom_padding=&#8221;10vw||||false|false&#8221; top_divider_style=&#8221;asymmetric3&#8243; top_divider_color=&#8221;#FFFFFF&#8221; global_colors_info=&#8221;{}&#8221;][et_pb_row _builder_version=&#8221;4.17.1&#8243; _module_preset=&#8221;default&#8221; background_color=&#8221;rgba(0,80,97,0.9)&#8221; custom_padding=&#8221;80px|5%|40px|5%|false|true&#8221; global_colors_info=&#8221;{}&#8221;][et_pb_column type=&#8221;4_4&#8243; _builder_version=&#8221;4.17.1&#8243; _module_preset=&#8221;default&#8221; global_colors_info=&#8221;{}&#8221;][et_pb_divider color=&#8221;#FFFFFF&#8221; divider_weight=&#8221;3px&#8221; _builder_version=&#8221;4.17.1&#8243; max_width=&#8221;100px&#8221; custom_margin=&#8221;||0px|&#8221; locked=&#8221;off&#8221; global_colors_info=&#8221;{}&#8221;][\/et_pb_divider][et_pb_text _builder_version=&#8221;4.17.1&#8243; text_font=&#8221;Montserrat|300|||||||&#8221; text_text_color=&#8221;rgba(255,255,255,0.8)&#8221; text_font_size=&#8221;16px&#8221; text_line_height=&#8221;2em&#8221; header_font=&#8221;||||||||&#8221; header_2_font=&#8221;||||||||&#8221; header_2_text_color=&#8221;#FFFFFF&#8221; header_2_font_size=&#8221;36px&#8221; header_2_line_height=&#8221;1.4em&#8221; header_2_font_size_tablet=&#8221;30px&#8221; header_2_font_size_phone=&#8221;24px&#8221; header_2_font_size_last_edited=&#8221;on|phone&#8221; locked=&#8221;off&#8221; global_colors_info=&#8221;{}&#8221;]<\/p>\n<h2>Just\u00edcia restaurativa<\/h2>\n<div dir=\"ltr\">Busquem l&#8217;inter\u00e8s leg\u00edtim de les v\u00edctimes per fer-se sentir amb m\u00e9s for\u00e7a en relaci\u00f3 amb la resposta a la seva victimitzaci\u00f3, per comunicar-se amb l&#8217;ofensor i per aconseguir la reparaci\u00f3 i la satisfacci\u00f3 en el context del proc\u00e9s de just\u00edcia. Per altra banda, apostem per la import\u00e0ncia de suscitar el sentit de la responsabilitat entre els ofensors i brindar-los oportunitats de reparar el dany causat, que podria afavorir-ne la reinserci\u00f3, permetre el desgreuge i fomentar el desistiment de cometre noves conductes perjudicials.<\/div>\n<div dir=\"ltr\"><\/div>\n<div dir=\"ltr\"><\/div>\n<div dir=\"ltr\"><\/div>\n<div dir=\"ltr\"><\/div>\n<div dir=\"ltr\"><\/div>\n<div dir=\"ltr\"><\/div>\n<p>Aquesta tasca la desenvolupen professionals externs i independents de la Instituci\u00f3, en processos en qu\u00e8 es desenvolupen:<\/p>\n<p>[\/et_pb_text][\/et_pb_column][\/et_pb_row][et_pb_row column_structure=&#8221;1_2,1_2&#8243; make_equal=&#8221;on&#8221; _builder_version=&#8221;4.17.1&#8243; _module_preset=&#8221;default&#8221; background_color=&#8221;rgba(0,80,97,0.9)&#8221; custom_padding=&#8221;40px|5%|40px|5%|true|true&#8221; global_colors_info=&#8221;{}&#8221;][et_pb_column type=&#8221;1_2&#8243; _builder_version=&#8221;4.17.1&#8243; _module_preset=&#8221;default&#8221; global_colors_info=&#8221;{}&#8221;][et_pb_text _builder_version=&#8221;4.17.1&#8243; text_font=&#8221;Montserrat|300|||||||&#8221; text_text_color=&#8221;#005061&#8243; text_font_size=&#8221;16px&#8221; text_line_height=&#8221;2em&#8221; header_font=&#8221;||||||||&#8221; header_2_font=&#8221;||||||||&#8221; header_2_text_color=&#8221;#FFFFFF&#8221; header_2_font_size=&#8221;36px&#8221; header_2_line_height=&#8221;1.4em&#8221; background_color=&#8221;#FFFFFF&#8221; custom_padding=&#8221;20px|20px|20px|20px|true|true&#8221; header_2_font_size_tablet=&#8221;30px&#8221; header_2_font_size_phone=&#8221;24px&#8221; header_2_font_size_last_edited=&#8221;on|phone&#8221; locked=&#8221;off&#8221; global_colors_info=&#8221;{}&#8221;]<\/p>\n<p><strong>1. Entrevistes amb la v\u00edctima<\/strong> , enfocades a satisfer les necessitats referides anteriorment. Aquest proc\u00e9s es desenvolupa paral\u00b7lelament amb el victimari, per acompanyar-lo en el descobriment de la veritat del que ha passat i l&#8217;assumpci\u00f3 de la responsabilitat i de la comprensi\u00f3 a la seva biografia de la conducta abusiva.<\/p>\n<p>[\/et_pb_text][\/et_pb_column][et_pb_column type=&#8221;1_2&#8243; _builder_version=&#8221;4.17.1&#8243; _module_preset=&#8221;default&#8221; global_colors_info=&#8221;{}&#8221;][et_pb_text _builder_version=&#8221;4.17.1&#8243; text_font=&#8221;Montserrat|300|||||||&#8221; text_text_color=&#8221;#005061&#8243; text_font_size=&#8221;16px&#8221; text_line_height=&#8221;2em&#8221; header_font=&#8221;||||||||&#8221; header_2_font=&#8221;||||||||&#8221; header_2_text_color=&#8221;#FFFFFF&#8221; header_2_font_size=&#8221;36px&#8221; header_2_line_height=&#8221;1.4em&#8221; background_color=&#8221;#FFFFFF&#8221; height=&#8221;100%&#8221; custom_padding=&#8221;20px|20px|20px|20px|true|true&#8221; header_2_font_size_tablet=&#8221;30px&#8221; header_2_font_size_phone=&#8221;24px&#8221; header_2_font_size_last_edited=&#8221;on|phone&#8221; locked=&#8221;off&#8221; global_colors_info=&#8221;{}&#8221;]<\/p>\n<p><strong>2. Trobada amb les persones<\/strong> que, a l&#8217;\u00e8poca dels fets, van poder saber-ne, per comprovar el grau de coneixement que van tenir, i qu\u00e8 \u00e9s el que van fer o no van fer.<\/p>\n<p>[\/et_pb_text][\/et_pb_column][\/et_pb_row][et_pb_row column_structure=&#8221;1_2,1_2&#8243; make_equal=&#8221;on&#8221; _builder_version=&#8221;4.17.1&#8243; _module_preset=&#8221;default&#8221; background_color=&#8221;rgba(0,80,97,0.9)&#8221; custom_padding=&#8221;40px|5%|80px|5%|false|true&#8221; global_colors_info=&#8221;{}&#8221;][et_pb_column type=&#8221;1_2&#8243; _builder_version=&#8221;4.17.1&#8243; _module_preset=&#8221;default&#8221; global_colors_info=&#8221;{}&#8221;][et_pb_text _builder_version=&#8221;4.17.1&#8243; text_font=&#8221;Montserrat|300|||||||&#8221; text_text_color=&#8221;#005061&#8243; text_font_size=&#8221;16px&#8221; text_line_height=&#8221;2em&#8221; header_font=&#8221;||||||||&#8221; header_2_font=&#8221;||||||||&#8221; header_2_text_color=&#8221;#FFFFFF&#8221; header_2_font_size=&#8221;36px&#8221; header_2_line_height=&#8221;1.4em&#8221; background_color=&#8221;#FFFFFF&#8221; height=&#8221;100%&#8221; custom_padding=&#8221;20px|20px|20px|20px|true|true&#8221; header_2_font_size_tablet=&#8221;30px&#8221; header_2_font_size_phone=&#8221;24px&#8221; header_2_font_size_last_edited=&#8221;on|phone&#8221; locked=&#8221;off&#8221; global_colors_info=&#8221;{}&#8221;]<\/p>\n<p><strong>3. Trobada amb la Instituci\u00f3<\/strong>, en el nostre cas, en la persona del superior de la Companyia de Jes\u00fas a Espanya, per narrar-li els fets, les greus conseq\u00fc\u00e8ncies que aquests fets han tingut en el seu proc\u00e9s vital; demanar explicacions de qu\u00e8 \u00e9s el que es va fer o es va deixar de fer, aix\u00ed com qu\u00e8 es far\u00e0 per garantir que els fets no es tornaran a repetir.<\/p>\n<p>[\/et_pb_text][\/et_pb_column][et_pb_column type=&#8221;1_2&#8243; _builder_version=&#8221;4.17.1&#8243; _module_preset=&#8221;default&#8221; global_colors_info=&#8221;{}&#8221;][et_pb_text _builder_version=&#8221;4.17.1&#8243; text_font=&#8221;Montserrat|300|||||||&#8221; text_text_color=&#8221;#005061&#8243; text_font_size=&#8221;16px&#8221; text_line_height=&#8221;2em&#8221; header_font=&#8221;||||||||&#8221; header_2_font=&#8221;||||||||&#8221; header_2_text_color=&#8221;#FFFFFF&#8221; header_2_font_size=&#8221;36px&#8221; header_2_line_height=&#8221;1.4em&#8221; background_color=&#8221;#FFFFFF&#8221; custom_padding=&#8221;20px|20px|20px|20px|true|true&#8221; header_2_font_size_tablet=&#8221;30px&#8221; header_2_font_size_phone=&#8221;24px&#8221; header_2_font_size_last_edited=&#8221;on|phone&#8221; locked=&#8221;off&#8221; global_colors_info=&#8221;{}&#8221;]<\/p>\n<div><strong>4.<\/strong> Si el cam\u00ed per ambdues parts, v\u00edctima i abusador, ho permet, es poden plantejar <strong>trobades entre una v\u00edctima d&#8217;abusos i un victimari.<\/strong> Fins i tot, si les condicions i la voluntat de les persones implicades aix\u00ed ho permet, hi podria haver una trobada entre la v\u00edctima i qui en va abusar, buscant \u201ctrencar el vincle\u201d que els uneix i pacificar, restaurar i ajudar a curar, almenys, la v\u00edctima.<\/div>\n<p>[\/et_pb_text][\/et_pb_column][\/et_pb_row][\/et_pb_section][et_pb_section fb_built=&#8221;1&#8243; custom_padding_last_edited=&#8221;on|tablet&#8221; prev_background_color=&#8221;#005061&#8243; next_background_color=&#8221;#009DC2&#8243; admin_label=&#8221;Testimonials&#8221; module_id=&#8221;just\u00edcia&#8221; _builder_version=&#8221;4.17.1&#8243; background_color=&#8221;#f7f8fc&#8221; background_image=&#8221;https:\/\/entornoseguro.org\/wp-content\/uploads\/2022\/04\/bg_gente.png&#8221; background_size=&#8221;initial&#8221; background_position=&#8221;top_left&#8221; background_repeat=&#8221;repeat&#8221; custom_padding=&#8221;200px||250px||false|false&#8221; custom_padding_tablet=&#8221;150px||150px||true&#8221; custom_padding_phone=&#8221;100px||100px||true&#8221; top_divider_style=&#8221;asymmetric3&#8243; top_divider_height=&#8221;20%&#8221; top_divider_repeat=&#8221;0.8x&#8221; top_divider_flip=&#8221;horizontal|vertical&#8221; bottom_divider_style=&#8221;asymmetric3&#8243; bottom_divider_height=&#8221;30%&#8221; bottom_divider_height_tablet=&#8221;180px&#8221; bottom_divider_height_phone=&#8221;110px&#8221; bottom_divider_height_last_edited=&#8221;on|phone&#8221; global_colors_info=&#8221;{}&#8221;][et_pb_row column_structure=&#8221;1_4,1_2,1_4&#8243; _builder_version=&#8221;4.17.3&#8243; _module_preset=&#8221;default&#8221; global_colors_info=&#8221;{}&#8221;][et_pb_column type=&#8221;1_4&#8243; _builder_version=&#8221;4.17.3&#8243; _module_preset=&#8221;default&#8221; global_colors_info=&#8221;{}&#8221;][\/et_pb_column][et_pb_column type=&#8221;1_2&#8243; _builder_version=&#8221;4.17.3&#8243; _module_preset=&#8221;default&#8221; background_color=&#8221;#005061&#8243; custom_padding=&#8221;20px|20px|20px|20px|true|true&#8221; border_radii=&#8221;on|10px|10px|10px|10px&#8221; box_shadow_style=&#8221;preset1&#8243; global_colors_info=&#8221;{}&#8221;][et_pb_text _builder_version=&#8221;4.17.3&#8243; _module_preset=&#8221;default&#8221; text_text_color=&#8221;#FFFFFF&#8221; header_3_font=&#8221;|800|||||||&#8221; header_3_text_color=&#8221;#FFFFFF&#8221; text_orientation=&#8221;center&#8221; global_colors_info=&#8221;{}&#8221;]<\/p>\n<h3><span style=\"font-weight: 400;\">Protocol de reparaci\u00f3<\/span><\/h3>\n<p><span style=\"font-weight: 400;\">Dins el marc m\u00e9s ampli de la Just\u00edcia Restaurativa, amb el nostre protocol de reparaci\u00f3 treballem per donar resposta a casos on per diferents motius no \u00e9s possible el recurs a la just\u00edcia civil.<\/span><\/p>\n<p>[\/et_pb_text][et_pb_button button_url=&#8221;https:\/\/entornoseguro.org\/ca\/protocol-de-reparacio\/&#8221; button_text=&#8221;Coneix m\u00e9s&#8221; button_alignment=&#8221;center&#8221; _builder_version=&#8221;4.17.3&#8243; _module_preset=&#8221;default&#8221; button_text_size=&#8221;14px&#8221; button_text_color=&#8221;#FFFFFF&#8221; button_bg_color_gradient_stops=&#8221;#337281 0%|#009dc2 61%|#005061 100%&#8221; button_border_width=&#8221;0px&#8221; global_colors_info=&#8221;{}&#8221;][\/et_pb_button][\/et_pb_column][et_pb_column type=&#8221;1_4&#8243; _builder_version=&#8221;4.17.3&#8243; _module_preset=&#8221;default&#8221; global_colors_info=&#8221;{}&#8221;][\/et_pb_column][\/et_pb_row][\/et_pb_section]<\/p>\n","protected":false},"excerpt":{"rendered":"<p>Intervenci\u00f3 Donem resposta a qualsevol situaci\u00f3 d&#8217;ab\u00fas de qu\u00e8 ens arribi not\u00edcia o tinguem coneixement. Necessitem que les v\u00edctimes ens facin arribar la informaci\u00f3 directament, a trav\u00e9s dels agents d&#8217;entorn segur als centres, des de la b\u00fastia proteccion@jesuitas.es o b\u00e9 per altres mitjans.Hem creat un equip d&#8217;acompanyants per tot Espanya. Formen equips d&#8217;escolta la missi\u00f3 [&hellip;]<\/p>\n","protected":false},"author":1,"featured_media":0,"parent":0,"menu_order":0,"comment_status":"closed","ping_status":"closed","template":"","meta":{"_et_pb_use_builder":"on","_et_pb_old_content":"","_et_gb_content_width":"","footnotes":""},"class_list":["post-10931","page","type-page","status-publish","hentry"],"_links":{"self":[{"href":"https:\/\/entornoseguro.org\/ca\/wp-json\/wp\/v2\/pages\/10931","targetHints":{"allow":["GET"]}}],"collection":[{"href":"https:\/\/entornoseguro.org\/ca\/wp-json\/wp\/v2\/pages"}],"about":[{"href":"https:\/\/entornoseguro.org\/ca\/wp-json\/wp\/v2\/types\/page"}],"author":[{"embeddable":true,"href":"https:\/\/entornoseguro.org\/ca\/wp-json\/wp\/v2\/users\/1"}],"replies":[{"embeddable":true,"href":"https:\/\/entornoseguro.org\/ca\/wp-json\/wp\/v2\/comments?post=10931"}],"version-history":[{"count":15,"href":"https:\/\/entornoseguro.org\/ca\/wp-json\/wp\/v2\/pages\/10931\/revisions"}],"predecessor-version":[{"id":11026,"href":"https:\/\/entornoseguro.org\/ca\/wp-json\/wp\/v2\/pages\/10931\/revisions\/11026"}],"wp:attachment":[{"href":"https:\/\/entornoseguro.org\/ca\/wp-json\/wp\/v2\/media?parent=10931"}],"curies":[{"name":"wp","href":"https:\/\/api.w.org\/{rel}","templated":true}]}}