{"id":10940,"date":"2022-04-07T12:11:47","date_gmt":"2022-04-07T12:11:47","guid":{"rendered":"https:\/\/entorno.sjdigitaldemo.ovh\/prevencio\/"},"modified":"2022-05-05T16:46:50","modified_gmt":"2022-05-05T16:46:50","slug":"prevencio","status":"publish","type":"page","link":"https:\/\/entornoseguro.org\/ca\/prevencio\/","title":{"rendered":"Prevenci\u00f3"},"content":{"rendered":"<p>[et_pb_section fb_built=&#8221;1&#8243; next_background_color=&#8221;#ffffff&#8221; admin_label=&#8221;Hero&#8221; _builder_version=&#8221;4.16&#8243; background_color=&#8221;#f7f8fc&#8221; custom_padding=&#8221;|||&#8221; bottom_divider_style=&#8221;asymmetric&#8221; bottom_divider_height=&#8221;40%&#8221; bottom_divider_height_tablet=&#8221;&#8221; bottom_divider_height_phone=&#8221;&#8221; bottom_divider_height_last_edited=&#8221;on|phone&#8221; global_colors_info=&#8221;{}&#8221;][et_pb_row column_structure=&#8221;1_2,1_2&#8243; _builder_version=&#8221;4.16&#8243; global_colors_info=&#8221;{}&#8221;][et_pb_column type=&#8221;1_2&#8243; _builder_version=&#8221;4.16&#8243; custom_padding=&#8221;|||&#8221; global_colors_info=&#8221;{}&#8221; custom_padding__hover=&#8221;|||&#8221;][et_pb_text _builder_version=&#8221;4.17.3&#8243; text_font=&#8221;Montserrat|300|||||||&#8221; text_font_size=&#8221;16px&#8221; text_line_height=&#8221;2em&#8221; header_font=&#8221;||||||||&#8221; header_font_size=&#8221;40px&#8221; header_line_height=&#8221;1.4em&#8221; max_width=&#8221;600px&#8221; custom_margin=&#8221;||30px|&#8221; custom_margin_last_edited=&#8221;off|desktop&#8221; hover_enabled=&#8221;0&#8243; header_font_size_tablet=&#8221;30px&#8221; header_font_size_phone=&#8221;24px&#8221; header_font_size_last_edited=&#8221;on|desktop&#8221; global_colors_info=&#8221;{}&#8221; sticky_enabled=&#8221;0&#8243;]<\/p>\n<h1>Prevenci\u00f3<\/h1>\n<div class=\"gs\">\n<div class=\"\">\n<div id=\":59a\" class=\"ii gt\" jslog=\"20277; u014N:xr6bB; 4:W251bGwsbnVsbCxbXV0.\">\n<div id=\":7g7\" class=\"a3s aiL \">\n<div>\n<div id=\"m_-808225373768102230ydpbeb52308yahoo_quoted_1830990081\">\n<div>\n<div>\n<div id=\"m_-808225373768102230ydpbeb52308yiv8824179209\">\n<div>\n<div>\n<div dir=\"ltr\"><span style=\"color: #000000;\">La prevenci\u00f3 se centra en la detecci\u00f3 de situacions de risc per evitar-les, promovent espais i relacions segures. Tamb\u00e9 cerca donar eines per a la detecci\u00f3 i gesti\u00f3 de situacions i relacions on hi hagi la possibilitat d&#8217;abusos.<\/span><\/div>\n<div class=\"yj6qo\"><\/div>\n<div class=\"adL\"><\/div>\n<\/div>\n<div class=\"adL\"><\/div>\n<\/div>\n<div class=\"adL\"><\/div>\n<\/div>\n<\/div>\n<div class=\"adL\"><\/div>\n<\/div>\n<div class=\"adL\"><\/div>\n<\/div>\n<\/div>\n<\/div>\n<\/div>\n<div class=\"hi\"><\/div>\n<\/div>\n<\/div>\n<p>[\/et_pb_text][\/et_pb_column][et_pb_column type=&#8221;1_2&#8243; _builder_version=&#8221;4.16&#8243; custom_padding=&#8221;|||&#8221; global_colors_info=&#8221;{}&#8221; custom_padding__hover=&#8221;|||&#8221;][et_pb_image src=&#8221;https:\/\/entornoseguro.org\/wp-content\/uploads\/2022\/04\/denuncia.png&#8221; title_text=&#8221;den\u00fancia&#8221; align_tablet=&#8221;center&#8221; align_phone=&#8221;center&#8221; align_last_edited=&#8221;on|desktop&#8221; _builder_version=&#8221;4.16.1&#8243; custom_margin=&#8221;|||&#8221; animation_style=&#8221;zoom&#8221; animation_direction=&#8221;bottom&#8221; animation_intensity_zoom=&#8221;4%&#8221; global_colors_info=&#8221;{}&#8221;][\/et_pb_image][\/et_pb_column][\/et_pb_row][\/et_pb_section][et_pb_section fb_built=&#8221;1&#8243; admin_label=&#8221;About Us&#8221; _builder_version=&#8221;4.16&#8243; global_colors_info=&#8221;{}&#8221;][et_pb_row _builder_version=&#8221;4.16.1&#8243; custom_padding=&#8221;0px||||false|false&#8221; global_colors_info=&#8221;{}&#8221;][et_pb_column type=&#8221;4_4&#8243; _builder_version=&#8221;4.16&#8243; custom_padding=&#8221;|||&#8221; global_colors_info=&#8221;{}&#8221; custom_padding__hover=&#8221;|||&#8221;][et_pb_divider color=&#8221;#009DC2&#8243; divider_weight=&#8221;3px&#8221; _builder_version=&#8221;4.17.1&#8243; max_width=&#8221;100px&#8221; module_alignment=&#8221;center&#8221; custom_margin=&#8221;||0px|&#8221; locked=&#8221;off&#8221; global_colors_info=&#8221;{}&#8221;][\/et_pb_divider][et_pb_text _builder_version=&#8221;4.17.0&#8243; text_font=&#8221;Montserrat|300|||||||&#8221; text_font_size=&#8221;16px&#8221; text_line_height=&#8221;2em&#8221; header_font=&#8221;||||||||&#8221; header_2_font=&#8221;||||||||&#8221; header_2_font_size=&#8221;36px&#8221; header_2_line_height=&#8221;1.4em&#8221; text_orientation=&#8221;center&#8221; max_width=&#8221;700px&#8221; module_alignment=&#8221;center&#8221; custom_margin=&#8221;|||&#8221; custom_margin_last_edited=&#8221;off|desktop&#8221; header_2_font_size_tablet=&#8221;30px&#8221; header_2_font_size_phone=&#8221;24px&#8221; header_2_font_size_last_edited=&#8221;on|phone&#8221; locked=&#8221;off&#8221; global_colors_info=&#8221;{}&#8221;]<\/p>\n<h2>Com aconseguir-ho?<\/h2>\n<p><span style=\"font-weight: 400;\">En aquests anys hem recorregut molt cam\u00ed, per\u00f2 encara queda for\u00e7a per millorar. Ho resumim en dos tipus d&#8217;accions.<\/span><\/p>\n<p>[\/et_pb_text][\/et_pb_column][\/et_pb_row][et_pb_row column_structure=&#8221;1_2,1_2&#8243; _builder_version=&#8221;4.17.1&#8243; _module_preset=&#8221;default&#8221; background_enable_color=&#8221;off&#8221; global_colors_info=&#8221;{}&#8221;][et_pb_column type=&#8221;1_2&#8243; _builder_version=&#8221;4.17.1&#8243; _module_preset=&#8221;default&#8221; background_color=&#8221;#009DC2&#8243; custom_padding=&#8221;20px|5%|20px|5%|true|true&#8221; link_option_url=&#8221;#prevencio&#8221; global_colors_info=&#8221;{}&#8221; background__hover_enabled=&#8221;on|hover&#8221; background_color__hover=&#8221;#569DCF&#8221; background_enable_color__hover=&#8221;on&#8221;][et_pb_text _builder_version=&#8221;4.17.0&#8243; _module_preset=&#8221;default&#8221; text_font=&#8221;|300||on|||||&#8221; text_text_color=&#8221;#FFFFFF&#8221; text_font_size=&#8221;30px&#8221; text_orientation=&#8221;center&#8221; global_colors_info=&#8221;{}&#8221;]<\/p>\n<p>Mesures<\/p>\n<p>[\/et_pb_text][\/et_pb_column][et_pb_column type=&#8221;1_2&#8243; _builder_version=&#8221;4.17.1&#8243; _module_preset=&#8221;default&#8221; background_color=&#8221;#005061&#8243; custom_padding=&#8221;20px|5%|20px|5%|true|true&#8221; link_option_url=&#8221;#formacio&#8221; global_colors_info=&#8221;{}&#8221; background__hover_enabled=&#8221;on|hover&#8221; background_color__hover=&#8221;#569DCF&#8221; background_enable_color__hover=&#8221;on&#8221;][et_pb_text _builder_version=&#8221;4.17.0&#8243; _module_preset=&#8221;default&#8221; text_font=&#8221;|300||on|||||&#8221; text_text_color=&#8221;#FFFFFF&#8221; text_font_size=&#8221;30px&#8221; text_orientation=&#8221;center&#8221; global_colors_info=&#8221;{}&#8221;]<\/p>\n<p>Formaci\u00f3<\/p>\n<p>[\/et_pb_text][\/et_pb_column][\/et_pb_row][\/et_pb_section][et_pb_section fb_built=&#8221;1&#8243; custom_padding_last_edited=&#8221;on|desktop&#8221; prev_background_color=&#8221;#ffffff&#8221; next_background_color=&#8221;#009DC2&#8243; admin_label=&#8221;Team&#8221; _builder_version=&#8221;4.16.1&#8243; background_color=&#8221;#f7f8fc&#8221; background_image=&#8221;https:\/\/entornoseguro.org\/wp-content\/uploads\/2022\/04\/bg_gente.png&#8221; background_size=&#8221;initial&#8221; background_position=&#8221;center_left&#8221; background_repeat=&#8221;repeat&#8221; custom_padding=&#8221;||250px||false|false&#8221; custom_padding_tablet=&#8221;||150px||false&#8221; custom_padding_phone=&#8221;||100px||false&#8221; top_divider_style=&#8221;ramp&#8221; top_divider_height=&#8221;40%&#8221; top_divider_repeat=&#8221;0.8x&#8221; top_divider_flip=&#8221;horizontal|vertical&#8221; bottom_divider_style=&#8221;asymmetric3&#8243; bottom_divider_height=&#8221;30%&#8221; bottom_divider_height_tablet=&#8221;180px&#8221; bottom_divider_height_phone=&#8221;110px&#8221; bottom_divider_height_last_edited=&#8221;on|phone&#8221; global_colors_info=&#8221;{}&#8221;][\/et_pb_section][et_pb_section fb_built=&#8221;1&#8243; module_id=&#8221;prevencio&#8221; _builder_version=&#8221;4.17.1&#8243; _module_preset=&#8221;default&#8221; background_color=&#8221;#009DC2&#8243; global_colors_info=&#8221;{}&#8221;][et_pb_row _builder_version=&#8221;4.17.0&#8243; _module_preset=&#8221;default&#8221; global_colors_info=&#8221;{}&#8221;][et_pb_column type=&#8221;4_4&#8243; _builder_version=&#8221;4.17.0&#8243; _module_preset=&#8221;default&#8221; global_colors_info=&#8221;{}&#8221;][et_pb_divider color=&#8221;#FFFFFF&#8221; divider_weight=&#8221;3px&#8221; _builder_version=&#8221;4.17.0&#8243; max_width=&#8221;100px&#8221; module_alignment=&#8221;center&#8221; custom_margin=&#8221;||0px|&#8221; locked=&#8221;off&#8221; global_colors_info=&#8221;{}&#8221;][\/et_pb_divider][et_pb_text _builder_version=&#8221;4.17.0&#8243; text_font=&#8221;Montserrat|300|||||||&#8221; text_text_color=&#8221;#FFFFFF&#8221; text_font_size=&#8221;16px&#8221; text_line_height=&#8221;2em&#8221; header_font=&#8221;||||||||&#8221; header_2_font=&#8221;||||||||&#8221; header_2_text_color=&#8221;#FFFFFF&#8221; header_2_font_size=&#8221;36px&#8221; header_2_line_height=&#8221;1.4em&#8221; text_orientation=&#8221;center&#8221; max_width=&#8221;700px&#8221; module_alignment=&#8221;center&#8221; custom_margin=&#8221;|||&#8221; custom_margin_last_edited=&#8221;off|desktop&#8221; header_2_font_size_tablet=&#8221;30px&#8221; header_2_font_size_phone=&#8221;24px&#8221; header_2_font_size_last_edited=&#8221;on|phone&#8221; locked=&#8221;off&#8221; global_colors_info=&#8221;{}&#8221;]<\/p>\n<h2>Mesures concretes<\/h2>\n<p><span style=\"font-weight: 400;\">Establint un conjunt de mesures que previnguin l&#8217;aparici\u00f3 de nous casos.<\/span><\/p>\n<p>[\/et_pb_text][\/et_pb_column][\/et_pb_row][et_pb_row column_structure=&#8221;1_2,1_2&#8243; make_equal=&#8221;on&#8221; _builder_version=&#8221;4.17.0&#8243; global_colors_info=&#8221;{}&#8221;][et_pb_column type=&#8221;1_2&#8243; _builder_version=&#8221;4.17.0&#8243; custom_padding=&#8221;|||&#8221; global_colors_info=&#8221;{}&#8221; custom_padding__hover=&#8221;|||&#8221;][et_pb_blurb title=&#8221;Mapes de riscos&#8221; use_icon=&#8221;on&#8221; font_icon=&#8221;&#xe083;||divi||400&#8243; icon_color=&#8221;#FFFFFF&#8221; image_icon_background_color=&#8221;RGBA(255,255,255,0)&#8221; icon_placement=&#8221;left&#8221; image_icon_width=&#8221;36px&#8221; content_max_width=&#8221;1100px&#8221; _builder_version=&#8221;4.17.1&#8243; header_font=&#8221;||||||||&#8221; header_text_color=&#8221;#FFFFFF&#8221; header_line_height=&#8221;1.6em&#8221; body_font=&#8221;Montserrat|300|||||||&#8221; body_text_color=&#8221;#FFFFFF&#8221; body_line_height=&#8221;1.8em&#8221; background_color=&#8221;#005061&#8243; height=&#8221;100%&#8221; custom_padding=&#8221;20px|20px|20px|20px|true|true&#8221; animation_style=&#8221;zoom&#8221; animation_intensity_zoom=&#8221;10%&#8221; animation=&#8221;off&#8221; border_radii=&#8221;on|10px|10px|10px|10px&#8221; border_color_all_image=&#8221;RGBA(255,255,255,0)&#8221; global_colors_info=&#8221;{}&#8221;]<\/p>\n<p>Realitzant mapes de risc a les nostres institucions (Col\u00b7legis, Universitats, Col\u00b7legis Majors, Centres Socials, ONG&#8217;s, etc..)<\/p>\n<p>[\/et_pb_blurb][\/et_pb_column][et_pb_column type=&#8221;1_2&#8243; _builder_version=&#8221;4.16&#8243; custom_padding=&#8221;|||&#8221; global_colors_info=&#8221;{}&#8221; custom_padding__hover=&#8221;|||&#8221;][et_pb_blurb title=&#8221;Espais f\u00edsics&#8221; use_icon=&#8221;on&#8221; font_icon=&#8221;&#xf47d;||fa||900&#8243; icon_color=&#8221;#005061&#8243; icon_placement=&#8221;left&#8221; image_icon_width=&#8221;36px&#8221; content_max_width=&#8221;1100px&#8221; _builder_version=&#8221;4.17.1&#8243; header_font=&#8221;||||||||&#8221; header_text_color=&#8221;#005061&#8243; header_line_height=&#8221;1.6em&#8221; body_font=&#8221;Montserrat|300|||||||&#8221; body_line_height=&#8221;1.8em&#8221; background_color=&#8221;#FFFFFF&#8221; height=&#8221;100%&#8221; custom_padding=&#8221;20px|20px|20px|20px|true|true&#8221; animation_style=&#8221;zoom&#8221; animation_intensity_zoom=&#8221;10%&#8221; animation=&#8221;off&#8221; border_radii=&#8221;on|10px|10px|10px|10px&#8221; global_colors_info=&#8221;{}&#8221;]<\/p>\n<p>Identificar espais f\u00edsics amb risc i modificar-los. Per exemple, amb vidres a les portes, augmentant la visibilitat guardant la confidencialitat i discreci\u00f3, il\u00b7luminant certs espais, etc.<\/p>\n<p>[\/et_pb_blurb][\/et_pb_column][\/et_pb_row][et_pb_row column_structure=&#8221;1_2,1_2&#8243; make_equal=&#8221;on&#8221; _builder_version=&#8221;4.17.0&#8243; global_colors_info=&#8221;{}&#8221;][et_pb_column type=&#8221;1_2&#8243; _builder_version=&#8221;4.16&#8243; custom_padding=&#8221;|||&#8221; global_colors_info=&#8221;{}&#8221; custom_padding__hover=&#8221;|||&#8221;][et_pb_blurb title=&#8221;Maneres de procedir&#8221; use_icon=&#8221;on&#8221; font_icon=&#8221;&#xf1ea;||fa||900&#8243; icon_color=&#8221;#005061&#8243; icon_placement=&#8221;left&#8221; image_icon_width=&#8221;36px&#8221; content_max_width=&#8221;1100px&#8221; _builder_version=&#8221;4.17.1&#8243; header_font=&#8221;||||||||&#8221; header_text_color=&#8221;#005061&#8243; header_line_height=&#8221;1.6em&#8221; body_font=&#8221;Montserrat|300|||||||&#8221; body_line_height=&#8221;1.8em&#8221; background_color=&#8221;#FFFFFF&#8221; height=&#8221;100%&#8221; custom_padding=&#8221;20px|20px|20px|20px|true|true&#8221; animation_style=&#8221;zoom&#8221; animation_intensity_zoom=&#8221;10%&#8221; animation=&#8221;off&#8221; border_radii=&#8221;on|10px|10px|10px|10px&#8221; global_colors_info=&#8221;{}&#8221;]<\/p>\n<p>Informar de les mesures a prendre per modificar les maneres de procedir. Per exemple, mai estar tot sol amb un MAV.<\/p>\n<p>[\/et_pb_blurb][\/et_pb_column][et_pb_column type=&#8221;1_2&#8243; _builder_version=&#8221;4.17.0&#8243; custom_padding=&#8221;|||&#8221; global_colors_info=&#8221;{}&#8221; custom_padding__hover=&#8221;|||&#8221;][et_pb_blurb title=&#8221;Contractacions&#8221; use_icon=&#8221;on&#8221; font_icon=&#8221;&#xf0c0;||fa||900&#8243; icon_color=&#8221;#FFFFFF&#8221; image_icon_background_color=&#8221;RGBA(255,255,255,0)&#8221; icon_placement=&#8221;left&#8221; image_icon_width=&#8221;36px&#8221; content_max_width=&#8221;1100px&#8221; _builder_version=&#8221;4.17.1&#8243; header_font=&#8221;||||||||&#8221; header_text_color=&#8221;#FFFFFF&#8221; header_line_height=&#8221;1.6em&#8221; body_font=&#8221;Montserrat|300|||||||&#8221; body_text_color=&#8221;#FFFFFF&#8221; body_line_height=&#8221;1.8em&#8221; background_color=&#8221;#005061&#8243; height=&#8221;100%&#8221; custom_padding=&#8221;20px|20px|20px|20px|true|true&#8221; animation_style=&#8221;zoom&#8221; animation_intensity_zoom=&#8221;10%&#8221; animation=&#8221;off&#8221; border_radii=&#8221;on|10px|10px|10px|10px&#8221; border_color_all_image=&#8221;RGBA(255,255,255,0)&#8221; global_colors_info=&#8221;{}&#8221;]<\/p>\n<p>Comen\u00e7ar a sol\u00b7licitar refer\u00e8ncies a les contractacions, a m\u00e9s del certificat de delictes de naturalesa sexual del Ministeri de Just\u00edcia espanyol, que ja es demanava.<\/p>\n<p>[\/et_pb_blurb][\/et_pb_column][\/et_pb_row][\/et_pb_section][et_pb_section fb_built=&#8221;1&#8243; prev_background_color=&#8221;#009DC2&#8243; next_background_color=&#8221;#009DC2&#8243; module_id=&#8221;formaci\u00f3&#8221; _builder_version=&#8221;4.17.0&#8243; _module_preset=&#8221;default&#8221; custom_padding=&#8221;6vw||6vw||true|false&#8221; top_divider_style=&#8221;arrow&#8221; bottom_divider_style=&#8221;asymmetric3&#8243; global_colors_info=&#8221;{}&#8221;][et_pb_row _builder_version=&#8221;4.17.0&#8243; _module_preset=&#8221;default&#8221; global_colors_info=&#8221;{}&#8221;][et_pb_column type=&#8221;4_4&#8243; _builder_version=&#8221;4.17.0&#8243; _module_preset=&#8221;default&#8221; global_colors_info=&#8221;{}&#8221;][et_pb_divider color=&#8221;#009DC2&#8243; divider_weight=&#8221;3px&#8221; _builder_version=&#8221;4.17.1&#8243; max_width=&#8221;100px&#8221; module_alignment=&#8221;center&#8221; custom_margin=&#8221;||0px|&#8221; locked=&#8221;off&#8221; global_colors_info=&#8221;{}&#8221;][\/et_pb_divider][et_pb_text _builder_version=&#8221;4.17.0&#8243; text_font=&#8221;Montserrat|300|||||||&#8221; text_font_size=&#8221;16px&#8221; text_line_height=&#8221;2em&#8221; header_font=&#8221;||||||||&#8221; header_2_font=&#8221;||||||||&#8221; header_2_font_size=&#8221;36px&#8221; header_2_line_height=&#8221;1.4em&#8221; text_orientation=&#8221;center&#8221; max_width=&#8221;700px&#8221; module_alignment=&#8221;center&#8221; custom_margin=&#8221;|||&#8221; custom_margin_last_edited=&#8221;off|desktop&#8221; header_2_font_size_tablet=&#8221;30px&#8221; header_2_font_size_phone=&#8221;24px&#8221; header_2_font_size_last_edited=&#8221;on|phone&#8221; locked=&#8221;off&#8221; global_colors_info=&#8221;{}&#8221;]<\/p>\n<h2>Formaci\u00f3<\/h2>\n<p><span style=\"font-weight: 400;\">Aix\u00f2 inclou formaci\u00f3 a dist\u00e0ncia a trav\u00e9s de r\u00e0dio Ecca, i programes presencials a tots els nostres sectors. La formaci\u00f3 m\u00e9s especialitzada s&#8217;imparteix mitjan\u00e7ant UNINPSI (Unitat d&#8217;Intervenci\u00f3 Psicol\u00f2gica d&#8217;UPComillas)<\/span><\/p>\n<p>[\/et_pb_text][\/et_pb_column][\/et_pb_row][et_pb_row column_structure=&#8221;1_3,1_3,1_3&#8243; _builder_version=&#8221;4.17.0&#8243; _module_preset=&#8221;default&#8221; global_colors_info=&#8221;{}&#8221;][et_pb_column type=&#8221;1_3&#8243; _builder_version=&#8221;4.17.0&#8243; _module_preset=&#8221;default&#8221; global_colors_info=&#8221;{}&#8221;][et_pb_toggle title=&#8221;Col\u00b7legis (EDUCSI)&#8221; open_toggle_text_color=&#8221;#FFFFFF&#8221; open_toggle_background_color=&#8221;#005061&#8243; closed_toggle_background_color=&#8221;#337281&#8243; icon_color=&#8221;#FFFFFF&#8221; toggle_icon=&#8221;&#xf19d;||fa||900&#8243; _builder_version=&#8221;4.17.1&#8243; _module_preset=&#8221;default&#8221; title_text_color=&#8221;#FFFFFF&#8221; title_level=&#8221;h3&#8243; title_font_size=&#8221;20px&#8221; body_font=&#8221;|300|||||||&#8221; body_text_color=&#8221;rgba(255,255,255,0.85)&#8221; body_font_size=&#8221;16px&#8221; background_color=&#8221;#312783&#8243; border_radii=&#8221;on|10px|10px|10px|10px&#8221; border_width_all=&#8221;0px&#8221; global_colors_info=&#8221;{}&#8221;]<\/p>\n<p><span>A Educsi, <strong>els 68 col\u00b7legis tenen tots els seus equips directius, personal administratiu, responsables i coordinadors i claustres formats.<\/strong> S&#8217;est\u00e0 donant la formaci\u00f3 als coordinadors de pastoral i extraescolars, que tamb\u00e9 s\u00f3n \u00e0mbits de risc. I abans d&#8217;acabar l&#8217;any, volem comen\u00e7ar a tenir algunes sessions amb alumnat i fam\u00edlies, en alguns nivells. Es t\u00e9 en compte formar tamb\u00e9 les noves incorporacions de personal docent i administratiu o col\u00b7laborador. En total, estem parlant d&#8217;un total de prop de <strong>3000 persones<\/strong> (treballadors i col\u00b7laboradors) <strong>formats en aquest temps<\/strong>.<\/span><\/p>\n<p>&nbsp;<\/p>\n<p>[\/et_pb_toggle][\/et_pb_column][et_pb_column type=&#8221;1_3&#8243; _builder_version=&#8221;4.17.0&#8243; _module_preset=&#8221;default&#8221; global_colors_info=&#8221;{}&#8221;][et_pb_toggle title=&#8221;Universitats (UNIJES)&#8221; open_toggle_text_color=&#8221;#FFFFFF&#8221; open_toggle_background_color=&#8221;#005061&#8243; closed_toggle_background_color=&#8221;#337281&#8243; icon_color=&#8221;#FFFFFF&#8221; toggle_icon=&#8221;&#xf19c;||fa||900&#8243; _builder_version=&#8221;4.17.1&#8243; _module_preset=&#8221;default&#8221; title_text_color=&#8221;#FFFFFF&#8221; title_level=&#8221;h3&#8243; title_font_size=&#8221;20px&#8221; body_font=&#8221;|300|||||||&#8221; body_text_color=&#8221;rgba(255,255,255,0.85)&#8221; body_font_size=&#8221;16px&#8221; background_color=&#8221;#312783&#8243; border_radii=&#8221;on|10px|10px|10px|10px&#8221; border_width_all=&#8221;0px&#8221; global_colors_info=&#8221;{}&#8221;]<\/p>\n<p><span>A l&#8217;\u00e0mbit universitari (universitats i col\u00b7legis majors), han rebut formaci\u00f3 tots els AES de cada centre (un m\u00ednim de 7 hores), i un bon nombre de PDI (personal docent i de recerca), entre ells diversos responsables de diferents departaments, tamb\u00e9 han participat al pla formatiu online a trav\u00e9s de R\u00e0dio ECCA al llarg d&#8217;aquest curs. S&#8217;est\u00e0 realitzant una adaptaci\u00f3 de la formaci\u00f3 a les diferents caracter\u00edstiques i peculiaritats de cada entitat i est\u00e0 programat comen\u00e7ar a impartir-la el proper curs 2022-2023. Tamb\u00e9 est\u00e0 prevista una presentaci\u00f3 del Sistema d&#8217;ES a l&#8217;alumnat a les sessions de presentaci\u00f3 al comen\u00e7ament de curs, abans de continuar oferint-los \u201cp\u00edndoles\u201d formatives durant el programa acad\u00e8mic. Mentrestant, s&#8217;ha anat fent difusi\u00f3 del sistema mitjan\u00e7ant un v\u00eddeo divulgatiu que est\u00e0 incl\u00f2s a la informaci\u00f3 de les pantalles informatives que t\u00e9 cada centre. <\/span><\/p>\n<p><span>En total, unes <strong>200 persones ja han rebut la formaci\u00f3<\/strong> i el calendari per al proper curs, abastar\u00e0 un nombre molt m\u00e9s gran de persones que ja hauran estat formades. <\/span><\/p>\n<p>&nbsp;<\/p>\n<p>[\/et_pb_toggle][\/et_pb_column][et_pb_column type=&#8221;1_3&#8243; _builder_version=&#8221;4.17.0&#8243; _module_preset=&#8221;default&#8221; global_colors_info=&#8221;{}&#8221;][et_pb_toggle title=&#8221;Obres socials&#8221; open_toggle_text_color=&#8221;#FFFFFF&#8221; open_toggle_background_color=&#8221;#005061&#8243; closed_toggle_background_color=&#8221;#337281&#8243; icon_color=&#8221;#FFFFFF&#8221; toggle_icon=&#8221;&#xf4c2;||fa||900&#8243; _builder_version=&#8221;4.17.1&#8243; _module_preset=&#8221;default&#8221; title_text_color=&#8221;#FFFFFF&#8221; title_level=&#8221;h3&#8243; title_font_size=&#8221;20px&#8221; body_font=&#8221;|300|||||||&#8221; body_text_color=&#8221;rgba(255,255,255,0.85)&#8221; body_font_size=&#8221;16px&#8221; background_color=&#8221;#312783&#8243; border_radii=&#8221;on|10px|10px|10px|10px&#8221; border_width_all=&#8221;0px&#8221; global_colors_info=&#8221;{}&#8221;]<\/p>\n<p>Al sector social, tots els coordinadors i responsables tamb\u00e9 han rebut la formaci\u00f3 i en aquests moments, m\u00e9s personal i col\u00b7laboradors estan realitzant un pla formatiu online a trav\u00e9s de R\u00e0dio ECCA. Algunes entitats estan formant m\u00e9s \u00e0mpliament el personal, a causa de la singularitat del seu treball, ja que necessiten aprofundir en algunes q\u00fcestions que els repercuteixen m\u00e9s directament (treball amb menors que resideixen a centres assistencials; intervenci\u00f3 en altres pa\u00efsos i amb poblaci\u00f3 immigrant; centres d&#8217;exclusi\u00f3; social, etc.) Fins ara <strong>m\u00e9s de 230 persones han rebut la formaci\u00f3<\/strong> m\u00ednima.<\/p>\n<p>&nbsp;<\/p>\n<p>[\/et_pb_toggle][\/et_pb_column][\/et_pb_row][et_pb_row column_structure=&#8221;1_2,1_2&#8243; _builder_version=&#8221;4.17.0&#8243; _module_preset=&#8221;default&#8221; global_colors_info=&#8221;{}&#8221;][et_pb_column type=&#8221;1_2&#8243; _builder_version=&#8221;4.17.0&#8243; _module_preset=&#8221;default&#8221; global_colors_info=&#8221;{}&#8221;][et_pb_toggle title=&#8221;Centres de pastoral&#8221; open_toggle_text_color=&#8221;#FFFFFF&#8221; open_toggle_background_color=&#8221;#005061&#8243; closed_toggle_background_color=&#8221;#337281&#8243; icon_color=&#8221;#FFFFFF&#8221; toggle_icon=&#8221;&#xf51d;||fa||900&#8243; _builder_version=&#8221;4.17.1&#8243; _module_preset=&#8221;default&#8221; title_text_color=&#8221;#FFFFFF&#8221; title_level=&#8221;h3&#8243; title_font_size=&#8221;20px&#8221; body_font=&#8221;|300|||||||&#8221; body_text_color=&#8221;rgba(255,255,255,0.85)&#8221; body_font_size=&#8221;16px&#8221; background_color=&#8221;#312783&#8243; border_radii=&#8221;on|10px|10px|10px|10px&#8221; border_width_all=&#8221;0px&#8221; global_colors_info=&#8221;{}&#8221;]<\/p>\n<p><span>El sector pastoral \u00e9s el darrer a incorporar-se a les formacions, degut a la gran variabilitat de les obres i la complexa organitzaci\u00f3 de totes les activitats que at\u00e9n. Si b\u00e9 \u00e9s cert, que una part dels responsables ja han rebut la formaci\u00f3, en formar part, en alguns casos, d&#8217;altres sectors (educatiu o social). Per descomptat, els responsables dels eixos d&#8217;aquest sector i els AES ja l&#8217;han rebut, aix\u00ed com un n\u00famero significatiu de la pastoral universit\u00e0ria (Magis+), que ha participat en la formaci\u00f3 en l\u00ednia de R\u00e0dio ECCA.<\/span><\/p>\n<p><span>A m\u00e9s, <strong>hi ha \u00e0rees transversals<\/strong>, com tota l&#8217;Administraci\u00f3 de la Prov\u00edncia, que compta amb m\u00e9s de 60 persones, <strong>que han rebut formaci\u00f3 anualment sobre el SES, els abusos i el bon tracte.<\/strong> <\/span><\/p>\n<p>&nbsp;<\/p>\n<p>[\/et_pb_toggle][\/et_pb_column][et_pb_column type=&#8221;1_2&#8243; _builder_version=&#8221;4.17.0&#8243; _module_preset=&#8221;default&#8221; global_colors_info=&#8221;{}&#8221;][et_pb_toggle title=&#8221;Jesu\u00eftes en formaci\u00f3&#8221; open_toggle_text_color=&#8221;#FFFFFF&#8221; open_toggle_background_color=&#8221;#005061&#8243; closed_toggle_background_color=&#8221;#337281&#8243; icon_color=&#8221;#FFFFFF&#8221; toggle_icon=&#8221;&#xf185;||fa||900&#8243; _builder_version=&#8221;4.17.1&#8243; _module_preset=&#8221;default&#8221; title_text_color=&#8221;#FFFFFF&#8221; title_level=&#8221;h3&#8243; title_font_size=&#8221;20px&#8221; body_font=&#8221;|300|||||||&#8221; body_text_color=&#8221;rgba(255,255,255,0.85)&#8221; body_font_size=&#8221;16px&#8221; background_color=&#8221;#312783&#8243; border_radii=&#8221;on|10px|10px|10px|10px&#8221; border_width_all=&#8221;0px&#8221; global_colors_info=&#8221;{}&#8221;]<\/p>\n<p><span>El mateix passa amb els 63 jesu\u00eftes en proc\u00e9s de formaci\u00f3 a la Prov\u00edncia (i aquells que s\u00f3n d&#8217;altres prov\u00edncies, per\u00f2 que fan part dels seus estudis aqu\u00ed). Dins el seu programa formatiu, <strong>tot all\u00f2 relatiu als abusos, la vida afectiva, el celibat, el bon tracte, els aspectes can\u00f2nics, etc., est\u00e0 desenvolupat al llarg de tot el seu proc\u00e9s<\/strong> i es va realitzant anualment un paquet de 3 sessions espec\u00edfiques respecte a alguns d&#8217;aquests temes, que es van actualitzant i incorporant per posar m\u00e9s \u00e8mfasi en la prevenci\u00f3 i l&#8217;abordatge d&#8217;aquests casos. Tamb\u00e9 est\u00e0 prevista per a aquest curs alguna sessi\u00f3 formativa orientada als superiors i acompanyants dels escolars, ja que juguen un paper important en el tractament d&#8217;aquests aspectes tan rellevants.<\/span><\/p>\n<p>&nbsp;<\/p>\n<p>[\/et_pb_toggle][\/et_pb_column][\/et_pb_row][et_pb_row _builder_version=&#8221;4.17.0&#8243; _module_preset=&#8221;default&#8221; global_colors_info=&#8221;{}&#8221;][et_pb_column type=&#8221;4_4&#8243; _builder_version=&#8221;4.17.0&#8243; _module_preset=&#8221;default&#8221; global_colors_info=&#8221;{}&#8221;][et_pb_image src=&#8221;https:\/\/entornoseguro.org\/wp-content\/uploads\/2022\/04\/cifras.png&#8221; title_text=&#8221;xifres&#8221; align=&#8221;center&#8221; _builder_version=&#8221;4.17.0&#8243; _module_preset=&#8221;default&#8221; border_radii=&#8221;on|10px|10px|10px|10px&#8221; global_colors_info=&#8221;{}&#8221;][\/et_pb_image][\/et_pb_column][\/et_pb_row][\/et_pb_section]<\/p>\n","protected":false},"excerpt":{"rendered":"<p>Prevenci\u00f3 La prevenci\u00f3 se centra en la detecci\u00f3 de situacions de risc per evitar-les, promovent espais i relacions segures. Tamb\u00e9 cerca donar eines per a la detecci\u00f3 i gesti\u00f3 de situacions i relacions on hi hagi la possibilitat d&#8217;abusos. Com aconseguir-ho? En aquests anys hem recorregut molt cam\u00ed, per\u00f2 encara queda for\u00e7a per millorar. Ho [&hellip;]<\/p>\n","protected":false},"author":1,"featured_media":0,"parent":0,"menu_order":0,"comment_status":"closed","ping_status":"closed","template":"","meta":{"_et_pb_use_builder":"on","_et_pb_old_content":"","_et_gb_content_width":"","footnotes":""},"class_list":["post-10940","page","type-page","status-publish","hentry"],"_links":{"self":[{"href":"https:\/\/entornoseguro.org\/ca\/wp-json\/wp\/v2\/pages\/10940","targetHints":{"allow":["GET"]}}],"collection":[{"href":"https:\/\/entornoseguro.org\/ca\/wp-json\/wp\/v2\/pages"}],"about":[{"href":"https:\/\/entornoseguro.org\/ca\/wp-json\/wp\/v2\/types\/page"}],"author":[{"embeddable":true,"href":"https:\/\/entornoseguro.org\/ca\/wp-json\/wp\/v2\/users\/1"}],"replies":[{"embeddable":true,"href":"https:\/\/entornoseguro.org\/ca\/wp-json\/wp\/v2\/comments?post=10940"}],"version-history":[{"count":6,"href":"https:\/\/entornoseguro.org\/ca\/wp-json\/wp\/v2\/pages\/10940\/revisions"}],"predecessor-version":[{"id":11017,"href":"https:\/\/entornoseguro.org\/ca\/wp-json\/wp\/v2\/pages\/10940\/revisions\/11017"}],"wp:attachment":[{"href":"https:\/\/entornoseguro.org\/ca\/wp-json\/wp\/v2\/media?parent=10940"}],"curies":[{"name":"wp","href":"https:\/\/api.w.org\/{rel}","templated":true}]}}