{"id":10945,"date":"2022-04-07T12:11:47","date_gmt":"2022-04-07T12:11:47","guid":{"rendered":"https:\/\/entorno.sjdigitaldemo.ovh\/prevencion\/"},"modified":"2022-05-04T06:32:10","modified_gmt":"2022-05-04T06:32:10","slug":"prevencion","status":"publish","type":"page","link":"https:\/\/entornoseguro.org\/gl\/prevencion\/","title":{"rendered":"Prevenci\u00f3n"},"content":{"rendered":"<p>[et_pb_section fb_built=&#8221;1&#8243; next_background_color=&#8221;#ffffff&#8221; admin_label=&#8221;Hero&#8221; _builder_version=&#8221;4.16&#8243; background_color=&#8221;#f7f8fc&#8221; custom_padding=&#8221;|||&#8221; bottom_divider_style=&#8221;asymmetric&#8221; bottom_divider_height=&#8221;40%&#8221; bottom_divider_height_tablet=&#8221;&#8221; bottom_divider_height_phone=&#8221;&#8221; bottom_divider_height_last_edited=&#8221;on|phone&#8221; global_colors_info=&#8221;{}&#8221;][et_pb_row column_structure=&#8221;1_2,1_2&#8243; _builder_version=&#8221;4.16&#8243; global_colors_info=&#8221;{}&#8221;][et_pb_column type=&#8221;1_2&#8243; _builder_version=&#8221;4.16&#8243; custom_padding=&#8221;|||&#8221; global_colors_info=&#8221;{}&#8221; custom_padding__hover=&#8221;|||&#8221;][et_pb_text _builder_version=&#8221;4.17.3&#8243; text_font=&#8221;Montserrat|300|||||||&#8221; text_font_size=&#8221;16px&#8221; text_line_height=&#8221;2em&#8221; header_font=&#8221;||||||||&#8221; header_font_size=&#8221;40px&#8221; header_line_height=&#8221;1.4em&#8221; max_width=&#8221;600px&#8221; custom_margin=&#8221;||30px|&#8221; custom_margin_last_edited=&#8221;off|desktop&#8221; hover_enabled=&#8221;0&#8243; header_font_size_tablet=&#8221;30px&#8221; header_font_size_phone=&#8221;24px&#8221; header_font_size_last_edited=&#8221;on|desktop&#8221; global_colors_info=&#8221;{}&#8221; sticky_enabled=&#8221;0&#8243;]<\/p>\n<h1>Prevenci\u00f3n<\/h1>\n<div class=\"gs\">\n<div class=\"\">\n<div id=\":59a\" class=\"ii gt\" jslog=\"20277; u014N:xr6bB; 4:W251bGwsbnVsbCxbXV0.\">\n<div id=\":7g7\" class=\"a3s aiL \">\n<div>\n<div id=\"m_-808225373768102230ydpbeb52308yahoo_quoted_1830990081\">\n<div>\n<div>\n<div id=\"m_-808225373768102230ydpbeb52308yiv8824179209\">\n<div>\n<div>\n<div dir=\"ltr\"><span style=\"color: #000000;\">A prevenci\u00f3n c\u00e9ntrase na detecci\u00f3n de situaci\u00f3ns de risco para evitalas, promovendo espazos e relaci\u00f3ns seguras. Tam\u00e9n se busca dotar de ferramentas para a detecci\u00f3n e xesti\u00f3n de situaci\u00f3ns e relaci\u00f3ns nas que exista posibilidade de maltrato.<\/span><\/div>\n<div class=\"yj6qo\"><\/div>\n<div class=\"adL\"><\/div>\n<\/div>\n<div class=\"adL\"><\/div>\n<\/div>\n<div class=\"adL\"><\/div>\n<\/div>\n<\/div>\n<div class=\"adL\"><\/div>\n<\/div>\n<div class=\"adL\"><\/div>\n<\/div>\n<\/div>\n<\/div>\n<\/div>\n<div class=\"hi\"><\/div>\n<\/div>\n<\/div>\n<p>[\/et_pb_text][\/et_pb_column][et_pb_column type=&#8221;1_2&#8243; _builder_version=&#8221;4.16&#8243; custom_padding=&#8221;|||&#8221; global_colors_info=&#8221;{}&#8221; custom_padding__hover=&#8221;|||&#8221;][et_pb_image src=&#8221;https:\/\/entornoseguro.org\/wp-content\/uploads\/2022\/04\/denuncia.png&#8221; title_text=&#8221;denuncia&#8221; align_tablet=&#8221;center&#8221; align_phone=&#8221;center&#8221; align_last_edited=&#8221;on|desktop&#8221; _builder_version=&#8221;4.16.1&#8243; custom_margin=&#8221;|||&#8221; animation_style=&#8221;zoom&#8221; animation_direction=&#8221;bottom&#8221; animation_intensity_zoom=&#8221;4%&#8221; global_colors_info=&#8221;{}&#8221;][\/et_pb_image][\/et_pb_column][\/et_pb_row][\/et_pb_section][et_pb_section fb_built=&#8221;1&#8243; admin_label=&#8221;About Us&#8221; _builder_version=&#8221;4.16&#8243; global_colors_info=&#8221;{}&#8221;][et_pb_row _builder_version=&#8221;4.16.1&#8243; custom_padding=&#8221;0px||||false|false&#8221; global_colors_info=&#8221;{}&#8221;][et_pb_column type=&#8221;4_4&#8243; _builder_version=&#8221;4.16&#8243; custom_padding=&#8221;|||&#8221; global_colors_info=&#8221;{}&#8221; custom_padding__hover=&#8221;|||&#8221;][et_pb_divider color=&#8221;#009DC2&#8243; divider_weight=&#8221;3px&#8221; _builder_version=&#8221;4.17.1&#8243; max_width=&#8221;100px&#8221; module_alignment=&#8221;center&#8221; custom_margin=&#8221;||0px|&#8221; locked=&#8221;off&#8221; global_colors_info=&#8221;{}&#8221;][\/et_pb_divider][et_pb_text _builder_version=&#8221;4.17.0&#8243; text_font=&#8221;Montserrat|300|||||||&#8221; text_font_size=&#8221;16px&#8221; text_line_height=&#8221;2em&#8221; header_font=&#8221;||||||||&#8221; header_2_font=&#8221;||||||||&#8221; header_2_font_size=&#8221;36px&#8221; header_2_line_height=&#8221;1.4em&#8221; text_orientation=&#8221;center&#8221; max_width=&#8221;700px&#8221; module_alignment=&#8221;center&#8221; custom_margin=&#8221;|||&#8221; custom_margin_last_edited=&#8221;off|desktop&#8221; header_2_font_size_tablet=&#8221;30px&#8221; header_2_font_size_phone=&#8221;24px&#8221; header_2_font_size_last_edited=&#8221;on|phone&#8221; locked=&#8221;off&#8221; global_colors_info=&#8221;{}&#8221;]<\/p>\n<h2>Como conseguilo?<\/h2>\n<p><span style=\"font-weight: 400;\">Nestes anos percorremos moito, pero a\u00ednda queda moito por mellorar. Resum\u00edmolo en dous tipos de acci\u00f3ns.<\/span><\/p>\n<p>[\/et_pb_text][\/et_pb_column][\/et_pb_row][et_pb_row column_structure=&#8221;1_2,1_2&#8243; _builder_version=&#8221;4.17.1&#8243; _module_preset=&#8221;default&#8221; background_enable_color=&#8221;off&#8221; global_colors_info=&#8221;{}&#8221;][et_pb_column type=&#8221;1_2&#8243; _builder_version=&#8221;4.17.1&#8243; _module_preset=&#8221;default&#8221; background_color=&#8221;#009DC2&#8243; custom_padding=&#8221;20px|5%|20px|5%|true|true&#8221; link_option_url=&#8221;#prevenci\u00f3n&#8221; global_colors_info=&#8221;{}&#8221; background__hover_enabled=&#8221;on|hover&#8221; background_color__hover=&#8221;#569DCF&#8221; background_enable_color__hover=&#8221;on&#8221;][et_pb_text _builder_version=&#8221;4.17.0&#8243; _module_preset=&#8221;default&#8221; text_font=&#8221;|300||on|||||&#8221; text_text_color=&#8221;#FFFFFF&#8221; text_font_size=&#8221;30px&#8221; text_orientation=&#8221;center&#8221; global_colors_info=&#8221;{}&#8221;]<\/p>\n<p>Medidas<\/p>\n<p>[\/et_pb_text][\/et_pb_column][et_pb_column type=&#8221;1_2&#8243; _builder_version=&#8221;4.17.1&#8243; _module_preset=&#8221;default&#8221; background_color=&#8221;#005061&#8243; custom_padding=&#8221;20px|5%|20px|5%|true|true&#8221; link_option_url=&#8221;#formaci\u00f3n&#8221; global_colors_info=&#8221;{}&#8221; background__hover_enabled=&#8221;on|hover&#8221; background_color__hover=&#8221;#569DCF&#8221; background_enable_color__hover=&#8221;on&#8221;][et_pb_text _builder_version=&#8221;4.17.0&#8243; _module_preset=&#8221;default&#8221; text_font=&#8221;|300||on|||||&#8221; text_text_color=&#8221;#FFFFFF&#8221; text_font_size=&#8221;30px&#8221; text_orientation=&#8221;center&#8221; global_colors_info=&#8221;{}&#8221;]<\/p>\n<p>Formaci\u00f3n<\/p>\n<p>[\/et_pb_text][\/et_pb_column][\/et_pb_row][\/et_pb_section][et_pb_section fb_built=&#8221;1&#8243; custom_padding_last_edited=&#8221;on|desktop&#8221; prev_background_color=&#8221;#ffffff&#8221; next_background_color=&#8221;#009DC2&#8243; admin_label=&#8221;Team&#8221; _builder_version=&#8221;4.16.1&#8243; background_color=&#8221;#f7f8fc&#8221; background_image=&#8221;https:\/\/entornoseguro.org\/wp-content\/uploads\/2022\/04\/bg_gente.png&#8221; background_size=&#8221;initial&#8221; background_position=&#8221;center_left&#8221; background_repeat=&#8221;repeat&#8221; custom_padding=&#8221;||250px||false|false&#8221; custom_padding_tablet=&#8221;||150px||false&#8221; custom_padding_phone=&#8221;||100px||false&#8221; top_divider_style=&#8221;ramp&#8221; top_divider_height=&#8221;40%&#8221; top_divider_repeat=&#8221;0.8x&#8221; top_divider_flip=&#8221;horizontal|vertical&#8221; bottom_divider_style=&#8221;asymmetric3&#8243; bottom_divider_height=&#8221;30%&#8221; bottom_divider_height_tablet=&#8221;180px&#8221; bottom_divider_height_phone=&#8221;110px&#8221; bottom_divider_height_last_edited=&#8221;on|phone&#8221; global_colors_info=&#8221;{}&#8221;][\/et_pb_section][et_pb_section fb_built=&#8221;1&#8243; module_id=&#8221;prevenci\u00f3n&#8221; _builder_version=&#8221;4.17.1&#8243; _module_preset=&#8221;default&#8221; background_color=&#8221;#009DC2&#8243; global_colors_info=&#8221;{}&#8221;][et_pb_row _builder_version=&#8221;4.17.0&#8243; _module_preset=&#8221;default&#8221; global_colors_info=&#8221;{}&#8221;][et_pb_column type=&#8221;4_4&#8243; _builder_version=&#8221;4.17.0&#8243; _module_preset=&#8221;default&#8221; global_colors_info=&#8221;{}&#8221;][et_pb_divider color=&#8221;#FFFFFF&#8221; divider_weight=&#8221;3px&#8221; _builder_version=&#8221;4.17.0&#8243; max_width=&#8221;100px&#8221; module_alignment=&#8221;center&#8221; custom_margin=&#8221;||0px|&#8221; locked=&#8221;off&#8221; global_colors_info=&#8221;{}&#8221;][\/et_pb_divider][et_pb_text _builder_version=&#8221;4.17.0&#8243; text_font=&#8221;Montserrat|300|||||||&#8221; text_text_color=&#8221;#FFFFFF&#8221; text_font_size=&#8221;16px&#8221; text_line_height=&#8221;2em&#8221; header_font=&#8221;||||||||&#8221; header_2_font=&#8221;||||||||&#8221; header_2_text_color=&#8221;#FFFFFF&#8221; header_2_font_size=&#8221;36px&#8221; header_2_line_height=&#8221;1.4em&#8221; text_orientation=&#8221;center&#8221; max_width=&#8221;700px&#8221; module_alignment=&#8221;center&#8221; custom_margin=&#8221;|||&#8221; custom_margin_last_edited=&#8221;off|desktop&#8221; header_2_font_size_tablet=&#8221;30px&#8221; header_2_font_size_phone=&#8221;24px&#8221; header_2_font_size_last_edited=&#8221;on|phone&#8221; locked=&#8221;off&#8221; global_colors_info=&#8221;{}&#8221;]<\/p>\n<h2>medidas concretas<\/h2>\n<p><span style=\"font-weight: 400;\">Establecemento dun conxunto de medidas para evitar a aparici\u00f3n de novos casos.<\/span><\/p>\n<p>[\/et_pb_text][\/et_pb_column][\/et_pb_row][et_pb_row column_structure=&#8221;1_2,1_2&#8243; make_equal=&#8221;on&#8221; _builder_version=&#8221;4.17.0&#8243; global_colors_info=&#8221;{}&#8221;][et_pb_column type=&#8221;1_2&#8243; _builder_version=&#8221;4.17.0&#8243; custom_padding=&#8221;|||&#8221; global_colors_info=&#8221;{}&#8221; custom_padding__hover=&#8221;|||&#8221;][et_pb_blurb title=&#8221;Mapas de risco&#8221; use_icon=&#8221;on&#8221; font_icon=&#8221;&#xe083;||divi||400&#8243; icon_color=&#8221;#FFFFFF&#8221; image_icon_background_color=&#8221;RGBA(255,255,255,0)&#8221; icon_placement=&#8221;left&#8221; image_icon_width=&#8221;36px&#8221; content_max_width=&#8221;1100px&#8221; _builder_version=&#8221;4.17.1&#8243; header_font=&#8221;||||||||&#8221; header_text_color=&#8221;#FFFFFF&#8221; header_line_height=&#8221;1.6em&#8221; body_font=&#8221;Montserrat|300|||||||&#8221; body_text_color=&#8221;#FFFFFF&#8221; body_line_height=&#8221;1.8em&#8221; background_color=&#8221;#005061&#8243; height=&#8221;100%&#8221; custom_padding=&#8221;20px|20px|20px|20px|true|true&#8221; animation_style=&#8221;zoom&#8221; animation_intensity_zoom=&#8221;10%&#8221; animation=&#8221;off&#8221; border_radii=&#8221;on|10px|10px|10px|10px&#8221; border_color_all_image=&#8221;RGBA(255,255,255,0)&#8221; global_colors_info=&#8221;{}&#8221;]<\/p>\n<p>Elaboraci\u00f3n de mapas de riscos nas nosas instituci\u00f3ns (Escolas, Universidades, Residencias, Centros Sociais, ONG, etc.)<\/p>\n<p>[\/et_pb_blurb][\/et_pb_column][et_pb_column type=&#8221;1_2&#8243; _builder_version=&#8221;4.16&#8243; custom_padding=&#8221;|||&#8221; global_colors_info=&#8221;{}&#8221; custom_padding__hover=&#8221;|||&#8221;][et_pb_blurb title=&#8221;Espazos f\u00edsicos&#8221; use_icon=&#8221;on&#8221; font_icon=&#8221;&#xf47d;||fa||900&#8243; icon_color=&#8221;#005061&#8243; icon_placement=&#8221;left&#8221; image_icon_width=&#8221;36px&#8221; content_max_width=&#8221;1100px&#8221; _builder_version=&#8221;4.17.1&#8243; header_font=&#8221;||||||||&#8221; header_text_color=&#8221;#005061&#8243; header_line_height=&#8221;1.6em&#8221; body_font=&#8221;Montserrat|300|||||||&#8221; body_line_height=&#8221;1.8em&#8221; background_color=&#8221;#FFFFFF&#8221; height=&#8221;100%&#8221; custom_padding=&#8221;20px|20px|20px|20px|true|true&#8221; animation_style=&#8221;zoom&#8221; animation_intensity_zoom=&#8221;10%&#8221; animation=&#8221;off&#8221; border_radii=&#8221;on|10px|10px|10px|10px&#8221; global_colors_info=&#8221;{}&#8221;]<\/p>\n<p>Identificar espazos f\u00edsicos con risco e modificalos. Por exemplo, con cristais nas portas, aumentando a visibilidade mantendo a confidencialidade e discreci\u00f3n, iluminando determinados espazos, etc.<\/p>\n<p>[\/et_pb_blurb][\/et_pb_column][\/et_pb_row][et_pb_row column_structure=&#8221;1_2,1_2&#8243; make_equal=&#8221;on&#8221; _builder_version=&#8221;4.17.0&#8243; global_colors_info=&#8221;{}&#8221;][et_pb_column type=&#8221;1_2&#8243; _builder_version=&#8221;4.16&#8243; custom_padding=&#8221;|||&#8221; global_colors_info=&#8221;{}&#8221; custom_padding__hover=&#8221;|||&#8221;][et_pb_blurb title=&#8221;Formas de proceder&#8221; use_icon=&#8221;on&#8221; font_icon=&#8221;&#xf1ea;||fa||900&#8243; icon_color=&#8221;#005061&#8243; icon_placement=&#8221;left&#8221; image_icon_width=&#8221;36px&#8221; content_max_width=&#8221;1100px&#8221; _builder_version=&#8221;4.17.1&#8243; header_font=&#8221;||||||||&#8221; header_text_color=&#8221;#005061&#8243; header_line_height=&#8221;1.6em&#8221; body_font=&#8221;Montserrat|300|||||||&#8221; body_line_height=&#8221;1.8em&#8221; background_color=&#8221;#FFFFFF&#8221; height=&#8221;100%&#8221; custom_padding=&#8221;20px|20px|20px|20px|true|true&#8221; animation_style=&#8221;zoom&#8221; animation_intensity_zoom=&#8221;10%&#8221; animation=&#8221;off&#8221; border_radii=&#8221;on|10px|10px|10px|10px&#8221; global_colors_info=&#8221;{}&#8221;]<\/p>\n<p>Informar das medidas a adoptar para modificar as formas de proceder. Por exemplo, nunca estea s\u00f3 cun MAV.<\/p>\n<p>[\/et_pb_blurb][\/et_pb_column][et_pb_column type=&#8221;1_2&#8243; _builder_version=&#8221;4.17.0&#8243; custom_padding=&#8221;|||&#8221; global_colors_info=&#8221;{}&#8221; custom_padding__hover=&#8221;|||&#8221;][et_pb_blurb title=&#8221;contrataci\u00f3n&#8221; use_icon=&#8221;on&#8221; font_icon=&#8221;&#xf0c0;||fa||900&#8243; icon_color=&#8221;#FFFFFF&#8221; image_icon_background_color=&#8221;RGBA(255,255,255,0)&#8221; icon_placement=&#8221;left&#8221; image_icon_width=&#8221;36px&#8221; content_max_width=&#8221;1100px&#8221; _builder_version=&#8221;4.17.1&#8243; header_font=&#8221;||||||||&#8221; header_text_color=&#8221;#FFFFFF&#8221; header_line_height=&#8221;1.6em&#8221; body_font=&#8221;Montserrat|300|||||||&#8221; body_text_color=&#8221;#FFFFFF&#8221; body_line_height=&#8221;1.8em&#8221; background_color=&#8221;#005061&#8243; height=&#8221;100%&#8221; custom_padding=&#8221;20px|20px|20px|20px|true|true&#8221; animation_style=&#8221;zoom&#8221; animation_intensity_zoom=&#8221;10%&#8221; animation=&#8221;off&#8221; border_radii=&#8221;on|10px|10px|10px|10px&#8221; border_color_all_image=&#8221;RGBA(255,255,255,0)&#8221; global_colors_info=&#8221;{}&#8221;]<\/p>\n<p>Comezar a solicitar referencias na contrataci\u00f3n, ademais do certificado de delitos de natureza sexual do Ministerio de Xustiza espa\u00f1ol, que xa se estaba solicitando.<\/p>\n<p>[\/et_pb_blurb][\/et_pb_column][\/et_pb_row][\/et_pb_section][et_pb_section fb_built=&#8221;1&#8243; prev_background_color=&#8221;#009DC2&#8243; next_background_color=&#8221;#009DC2&#8243; module_id=&#8221;formaci\u00f3n&#8221; _builder_version=&#8221;4.17.0&#8243; _module_preset=&#8221;default&#8221; custom_padding=&#8221;6vw||6vw||true|false&#8221; top_divider_style=&#8221;arrow&#8221; bottom_divider_style=&#8221;asymmetric3&#8243; global_colors_info=&#8221;{}&#8221;][et_pb_row _builder_version=&#8221;4.17.0&#8243; _module_preset=&#8221;default&#8221; global_colors_info=&#8221;{}&#8221;][et_pb_column type=&#8221;4_4&#8243; _builder_version=&#8221;4.17.0&#8243; _module_preset=&#8221;default&#8221; global_colors_info=&#8221;{}&#8221;][et_pb_divider color=&#8221;#009DC2&#8243; divider_weight=&#8221;3px&#8221; _builder_version=&#8221;4.17.1&#8243; max_width=&#8221;100px&#8221; module_alignment=&#8221;center&#8221; custom_margin=&#8221;||0px|&#8221; locked=&#8221;off&#8221; global_colors_info=&#8221;{}&#8221;][\/et_pb_divider][et_pb_text _builder_version=&#8221;4.17.0&#8243; text_font=&#8221;Montserrat|300|||||||&#8221; text_font_size=&#8221;16px&#8221; text_line_height=&#8221;2em&#8221; header_font=&#8221;||||||||&#8221; header_2_font=&#8221;||||||||&#8221; header_2_font_size=&#8221;36px&#8221; header_2_line_height=&#8221;1.4em&#8221; text_orientation=&#8221;center&#8221; max_width=&#8221;700px&#8221; module_alignment=&#8221;center&#8221; custom_margin=&#8221;|||&#8221; custom_margin_last_edited=&#8221;off|desktop&#8221; header_2_font_size_tablet=&#8221;30px&#8221; header_2_font_size_phone=&#8221;24px&#8221; header_2_font_size_last_edited=&#8221;on|phone&#8221; locked=&#8221;off&#8221; global_colors_info=&#8221;{}&#8221;]<\/p>\n<h2>Formaci\u00f3n<\/h2>\n<p><span style=\"font-weight: 400;\">Isto incl\u00fae formaci\u00f3n a distancia a trav\u00e9s da radio Ecca, e programas presenciais en todos os nosos sectores. A formaci\u00f3n m\u00e1is especializada imp\u00e1rtese a trav\u00e9s da UNINPSI (Unidade de Intervenci\u00f3n Psicol\u00f3xica UPComillas)<\/span><\/p>\n<p>[\/et_pb_text][\/et_pb_column][\/et_pb_row][et_pb_row column_structure=&#8221;1_3,1_3,1_3&#8243; _builder_version=&#8221;4.17.0&#8243; _module_preset=&#8221;default&#8221; global_colors_info=&#8221;{}&#8221;][et_pb_column type=&#8221;1_3&#8243; _builder_version=&#8221;4.17.0&#8243; _module_preset=&#8221;default&#8221; global_colors_info=&#8221;{}&#8221;][et_pb_toggle title=&#8221;Escolas (EDUCSI)&#8221; open_toggle_text_color=&#8221;#FFFFFF&#8221; open_toggle_background_color=&#8221;#005061&#8243; closed_toggle_background_color=&#8221;#337281&#8243; icon_color=&#8221;#FFFFFF&#8221; toggle_icon=&#8221;&#xf19d;||fa||900&#8243; _builder_version=&#8221;4.17.1&#8243; _module_preset=&#8221;default&#8221; title_text_color=&#8221;#FFFFFF&#8221; title_level=&#8221;h3&#8243; title_font_size=&#8221;20px&#8221; body_font=&#8221;|300|||||||&#8221; body_text_color=&#8221;rgba(255,255,255,0.85)&#8221; body_font_size=&#8221;16px&#8221; background_color=&#8221;#312783&#8243; border_radii=&#8221;on|10px|10px|10px|10px&#8221; border_width_all=&#8221;0px&#8221; global_colors_info=&#8221;{}&#8221;]<\/p>\n<p><span>En Educsi, <strong>os 68 centros educativos te\u00f1en todos os seus equipos directivos, persoal administrativo, directivos e coordinadores e profesores formados<\/strong> . Estase formando a coordinadores pastorais e extraescolares, que tam\u00e9n son zonas de risco. E antes de rematar o curso queremos comezar a facer algunhas sesi\u00f3ns co alumnado e as familias, nalg\u00fans niveis. Tam\u00e9n se ten en conta a formaci\u00f3n de novas incorporaci\u00f3ns de persoal docente e administrativo ou colaboradores. En total, estamos a falar dun total de preto de <strong>3.000 persoas<\/strong> (traballadores e colaboradores) <strong>formadas neste tempo<\/strong> .<\/span><\/p>\n<p>&nbsp;<\/p>\n<p>[\/et_pb_toggle][\/et_pb_column][et_pb_column type=&#8221;1_3&#8243; _builder_version=&#8221;4.17.0&#8243; _module_preset=&#8221;default&#8221; global_colors_info=&#8221;{}&#8221;][et_pb_toggle title=&#8221;Universidades (UNIJES)&#8221; open_toggle_text_color=&#8221;#FFFFFF&#8221; open_toggle_background_color=&#8221;#005061&#8243; closed_toggle_background_color=&#8221;#337281&#8243; icon_color=&#8221;#FFFFFF&#8221; toggle_icon=&#8221;&#xf19c;||fa||900&#8243; _builder_version=&#8221;4.17.1&#8243; _module_preset=&#8221;default&#8221; title_text_color=&#8221;#FFFFFF&#8221; title_level=&#8221;h3&#8243; title_font_size=&#8221;20px&#8221; body_font=&#8221;|300|||||||&#8221; body_text_color=&#8221;rgba(255,255,255,0.85)&#8221; body_font_size=&#8221;16px&#8221; background_color=&#8221;#312783&#8243; border_radii=&#8221;on|10px|10px|10px|10px&#8221; border_width_all=&#8221;0px&#8221; global_colors_info=&#8221;{}&#8221;]<\/p>\n<p><span>No \u00e1mbito universitario (universidades e colexios), todas as AES de cada centro recibiron formaci\u00f3n (un m\u00ednimo de 7 horas), e un bo n\u00famero de PDI (persoal docente e investigador), entre eles varios xefes de diferentes departamentos, tam\u00e9n contaron participou no plan de formaci\u00f3n en li\u00f1a a trav\u00e9s de Radio ECCA ao longo deste curso. Estase realizando unha adaptaci\u00f3n da formaci\u00f3n \u00e1s diferentes caracter\u00edsticas e peculiaridades de cada entidade e est\u00e1 previsto que se comece a impartir no vindeiro curso 2022-2023. Tam\u00e9n est\u00e1 prevista unha presentaci\u00f3n do Sistema SE ao alumnado nas sesi\u00f3ns de presentaci\u00f3n de inicio de curso, antes de seguir ofrec\u00e9ndolles &#8220;p\u00edlulas&#8221; formativas durante o programa acad\u00e9mico. Mentres, difundiuse o sistema a trav\u00e9s dun v\u00eddeo informativo que se recolle na informaci\u00f3n das pantallas informativas que ten cada centro. <\/span><\/p>\n<p><span>En total, unhas <strong>200 persoas xa recibiron formaci\u00f3n<\/strong> e o calendario do pr\u00f3ximo curso incluir\u00e1 un n\u00famero moito maior de persoas que xa estar\u00e1n formadas. <\/span><\/p>\n<p>&nbsp;<\/p>\n<p>[\/et_pb_toggle][\/et_pb_column][et_pb_column type=&#8221;1_3&#8243; _builder_version=&#8221;4.17.0&#8243; _module_preset=&#8221;default&#8221; global_colors_info=&#8221;{}&#8221;][et_pb_toggle title=&#8221;obras sociais&#8221; open_toggle_text_color=&#8221;#FFFFFF&#8221; open_toggle_background_color=&#8221;#005061&#8243; closed_toggle_background_color=&#8221;#337281&#8243; icon_color=&#8221;#FFFFFF&#8221; toggle_icon=&#8221;&#xf4c2;||fa||900&#8243; _builder_version=&#8221;4.17.1&#8243; _module_preset=&#8221;default&#8221; title_text_color=&#8221;#FFFFFF&#8221; title_level=&#8221;h3&#8243; title_font_size=&#8221;20px&#8221; body_font=&#8221;|300|||||||&#8221; body_text_color=&#8221;rgba(255,255,255,0.85)&#8221; body_font_size=&#8221;16px&#8221; background_color=&#8221;#312783&#8243; border_radii=&#8221;on|10px|10px|10px|10px&#8221; border_width_all=&#8221;0px&#8221; global_colors_info=&#8221;{}&#8221;]<\/p>\n<p>No \u00e1mbito social, tam\u00e9n recibiron formaci\u00f3n todos os coordinadores e directivos e nestes momentos cada vez m\u00e1is persoal e colaboradores est\u00e1n a realizar un plan de formaci\u00f3n en li\u00f1a a trav\u00e9s de Radio ECCA. Algunhas entidades est\u00e1n formando o seu persoal de forma m\u00e1is ampla, pola singularidade do seu traballo, xa que precisan afondar nalgunhas cuesti\u00f3ns que lles afectan de xeito m\u00e1is directo (traballo con menores residentes en centros de atenci\u00f3n; intervenci\u00f3n noutros pa\u00edses e coa poboaci\u00f3n inmigrante; exclusi\u00f3n). centros sociais, etc.) Ata agora <strong>m\u00e1is de 230 persoas recibiron a formaci\u00f3n m\u00ednima<\/strong> .<\/p>\n<p>&nbsp;<\/p>\n<p>[\/et_pb_toggle][\/et_pb_column][\/et_pb_row][et_pb_row column_structure=&#8221;1_2,1_2&#8243; _builder_version=&#8221;4.17.0&#8243; _module_preset=&#8221;default&#8221; global_colors_info=&#8221;{}&#8221;][et_pb_column type=&#8221;1_2&#8243; _builder_version=&#8221;4.17.0&#8243; _module_preset=&#8221;default&#8221; global_colors_info=&#8221;{}&#8221;][et_pb_toggle title=&#8221;Centros Pastorais&#8221; open_toggle_text_color=&#8221;#FFFFFF&#8221; open_toggle_background_color=&#8221;#005061&#8243; closed_toggle_background_color=&#8221;#337281&#8243; icon_color=&#8221;#FFFFFF&#8221; toggle_icon=&#8221;&#xf51d;||fa||900&#8243; _builder_version=&#8221;4.17.1&#8243; _module_preset=&#8221;default&#8221; title_text_color=&#8221;#FFFFFF&#8221; title_level=&#8221;h3&#8243; title_font_size=&#8221;20px&#8221; body_font=&#8221;|300|||||||&#8221; body_text_color=&#8221;rgba(255,255,255,0.85)&#8221; body_font_size=&#8221;16px&#8221; background_color=&#8221;#312783&#8243; border_radii=&#8221;on|10px|10px|10px|10px&#8221; border_width_all=&#8221;0px&#8221; global_colors_info=&#8221;{}&#8221;]<\/p>\n<p><span>O sector pastoral \u00e9 o \u00faltimo en incorporarse \u00e1s formaci\u00f3ns, pola gran variabilidade dos traballos e pola complexa organizaci\u00f3n de todas as actividades \u00e1s que asiste. A\u00ednda que \u00e9 certo que alg\u00fans dos responsables xa recibiron formaci\u00f3n, xa que forman parte, nalg\u00fans casos, doutros sectores (educativo ou social). Por suposto, xa o recibiron os responsables dos eixos deste sector e da AES, as\u00ed como un importante n\u00famero da conseller\u00eda universitaria (Magis+), que participou na formaci\u00f3n en li\u00f1a de Radio ECCA.<\/span><\/p>\n<p><span>Ademais, <strong>existen \u00e1reas transversais<\/strong> , como toda a Administraci\u00f3n Provincial, que conta con m\u00e1is de 60 persoas, <strong>que reciben formaci\u00f3n anualmente sobre a SES, o maltrato e o bo trato<\/strong> . <\/span><\/p>\n<p>&nbsp;<\/p>\n<p>[\/et_pb_toggle][\/et_pb_column][et_pb_column type=&#8221;1_2&#8243; _builder_version=&#8221;4.17.0&#8243; _module_preset=&#8221;default&#8221; global_colors_info=&#8221;{}&#8221;][et_pb_toggle title=&#8221;Xesu\u00edtas en formaci\u00f3n&#8221; open_toggle_text_color=&#8221;#FFFFFF&#8221; open_toggle_background_color=&#8221;#005061&#8243; closed_toggle_background_color=&#8221;#337281&#8243; icon_color=&#8221;#FFFFFF&#8221; toggle_icon=&#8221;&#xf185;||fa||900&#8243; _builder_version=&#8221;4.17.1&#8243; _module_preset=&#8221;default&#8221; title_text_color=&#8221;#FFFFFF&#8221; title_level=&#8221;h3&#8243; title_font_size=&#8221;20px&#8221; body_font=&#8221;|300|||||||&#8221; body_text_color=&#8221;rgba(255,255,255,0.85)&#8221; body_font_size=&#8221;16px&#8221; background_color=&#8221;#312783&#8243; border_radii=&#8221;on|10px|10px|10px|10px&#8221; border_width_all=&#8221;0px&#8221; global_colors_info=&#8221;{}&#8221;]<\/p>\n<p><span>O mesmo acontece cos 63 xesu\u00edtas en proceso de formaci\u00f3n na Provincia (e os que son doutras provincias, pero que aqu\u00ed realizan parte dos seus estudos). Dentro do seu programa de formaci\u00f3n, <strong>todo o relacionado co maltrato, a vida afectiva, o celibato, o bo trato, os aspectos can\u00f3nicos, etc., desenv\u00f3lvese ao longo de todo o seu proceso.<\/strong> e real\u00edzase anualmente un paquete de 3 sesi\u00f3ns espec\u00edficas sobre algunhas destas cuesti\u00f3ns, que se actualizan e incorporan para facer m\u00e1is fincap\u00e9 na prevenci\u00f3n e abordaxe destes casos. Para este curso tam\u00e9n est\u00e1 prevista unha sesi\u00f3n formativa dirixida a superiores e acompa\u00f1antes dos escolares, xa que desempe\u00f1an un papel importante no tratamento destes aspectos relevantes.<\/span><\/p>\n<p>&nbsp;<\/p>\n<p>[\/et_pb_toggle][\/et_pb_column][\/et_pb_row][et_pb_row _builder_version=&#8221;4.17.0&#8243; _module_preset=&#8221;default&#8221; global_colors_info=&#8221;{}&#8221;][et_pb_column type=&#8221;4_4&#8243; _builder_version=&#8221;4.17.0&#8243; _module_preset=&#8221;default&#8221; global_colors_info=&#8221;{}&#8221;][et_pb_image src=&#8221;https:\/\/entornoseguro.org\/wp-content\/uploads\/2022\/04\/cifras.png&#8221; title_text=&#8221;figuras&#8221; align=&#8221;center&#8221; _builder_version=&#8221;4.17.0&#8243; _module_preset=&#8221;default&#8221; border_radii=&#8221;on|10px|10px|10px|10px&#8221; global_colors_info=&#8221;{}&#8221;][\/et_pb_image][\/et_pb_column][\/et_pb_row][\/et_pb_section]<\/p>\n","protected":false},"excerpt":{"rendered":"<p>Prevenci\u00f3n A prevenci\u00f3n c\u00e9ntrase na detecci\u00f3n de situaci\u00f3ns de risco para evitalas, promovendo espazos e relaci\u00f3ns seguras. Tam\u00e9n se busca dotar de ferramentas para a detecci\u00f3n e xesti\u00f3n de situaci\u00f3ns e relaci\u00f3ns nas que exista posibilidade de maltrato. Como conseguilo? Nestes anos percorremos moito, pero a\u00ednda queda moito por mellorar. Resum\u00edmolo en dous tipos de [&hellip;]<\/p>\n","protected":false},"author":1,"featured_media":0,"parent":0,"menu_order":0,"comment_status":"closed","ping_status":"closed","template":"","meta":{"_et_pb_use_builder":"on","_et_pb_old_content":"","_et_gb_content_width":"","footnotes":""},"class_list":["post-10945","page","type-page","status-publish","hentry"],"_links":{"self":[{"href":"https:\/\/entornoseguro.org\/gl\/wp-json\/wp\/v2\/pages\/10945","targetHints":{"allow":["GET"]}}],"collection":[{"href":"https:\/\/entornoseguro.org\/gl\/wp-json\/wp\/v2\/pages"}],"about":[{"href":"https:\/\/entornoseguro.org\/gl\/wp-json\/wp\/v2\/types\/page"}],"author":[{"embeddable":true,"href":"https:\/\/entornoseguro.org\/gl\/wp-json\/wp\/v2\/users\/1"}],"replies":[{"embeddable":true,"href":"https:\/\/entornoseguro.org\/gl\/wp-json\/wp\/v2\/comments?post=10945"}],"version-history":[{"count":0,"href":"https:\/\/entornoseguro.org\/gl\/wp-json\/wp\/v2\/pages\/10945\/revisions"}],"wp:attachment":[{"href":"https:\/\/entornoseguro.org\/gl\/wp-json\/wp\/v2\/media?parent=10945"}],"curies":[{"name":"wp","href":"https:\/\/api.w.org\/{rel}","templated":true}]}}